{"id":166,"date":"2026-01-18T17:17:23","date_gmt":"2026-01-18T17:17:23","guid":{"rendered":"https:\/\/julie-isquierdo.com\/?page_id=166"},"modified":"2026-02-16T13:49:19","modified_gmt":"2026-02-16T13:49:19","slug":"consultation","status":"publish","type":"page","link":"https:\/\/julie-isquierdo.com\/index.php\/consultation\/","title":{"rendered":"Consultation de rhinoplastie"},"content":{"rendered":"\t\t<div data-elementor-type=\"wp-page\" data-elementor-id=\"166\" class=\"elementor elementor-166\">\n\t\t\t\t\t\t<section class=\"elementor-section elementor-top-section elementor-element elementor-element-5dc43a1c elementor-section-content-middle elementor-section-boxed elementor-section-height-default elementor-section-height-default\" data-id=\"5dc43a1c\" data-element_type=\"section\">\n\t\t\t\t\t\t<div class=\"elementor-container elementor-column-gap-no\">\n\t\t\t\t\t<div class=\"elementor-column elementor-col-50 elementor-top-column elementor-element elementor-element-4df3f66b\" data-id=\"4df3f66b\" data-element_type=\"column\">\n\t\t\t<div class=\"elementor-widget-wrap elementor-element-populated\">\n\t\t\t\t\t\t<div class=\"elementor-element elementor-element-60970b9c elementor-invisible elementor-widget elementor-widget-image\" data-id=\"60970b9c\" data-element_type=\"widget\" data-settings=\"{&quot;_animation&quot;:&quot;slideInLeft&quot;}\" data-widget_type=\"image.default\">\n\t\t\t\t\t\t\t\t\t\t\t\t\t\t\t<img fetchpriority=\"high\" decoding=\"async\" width=\"819\" height=\"1024\" src=\"https:\/\/julie-isquierdo.com\/wp-content\/uploads\/2026\/01\/Isquierdo-6-819x1024.png\" class=\"attachment-large size-large wp-image-96\" alt=\"\" srcset=\"https:\/\/julie-isquierdo.com\/wp-content\/uploads\/2026\/01\/Isquierdo-6-819x1024.png 819w, https:\/\/julie-isquierdo.com\/wp-content\/uploads\/2026\/01\/Isquierdo-6-240x300.png 240w, https:\/\/julie-isquierdo.com\/wp-content\/uploads\/2026\/01\/Isquierdo-6-768x960.png 768w, https:\/\/julie-isquierdo.com\/wp-content\/uploads\/2026\/01\/Isquierdo-6.png 1080w\" sizes=\"(max-width: 819px) 100vw, 819px\" \/>\t\t\t\t\t\t\t\t\t\t\t\t\t\t\t<\/div>\n\t\t\t\t\t<\/div>\n\t\t<\/div>\n\t\t\t\t<div class=\"elementor-column elementor-col-50 elementor-top-column elementor-element elementor-element-31f979cd\" data-id=\"31f979cd\" data-element_type=\"column\">\n\t\t\t<div class=\"elementor-widget-wrap elementor-element-populated\">\n\t\t\t\t\t\t<div class=\"elementor-element elementor-element-5022111f elementor-widget elementor-widget-text-editor\" data-id=\"5022111f\" data-element_type=\"widget\" data-widget_type=\"text-editor.default\">\n\t\t\t\t\t\t\t\t\t<p class=\"p1\">Formation et Parcours<\/p>\t\t\t\t\t\t\t\t<\/div>\n\t\t\t\t<div class=\"elementor-element elementor-element-63dc975 elementor-widget elementor-widget-text-editor\" data-id=\"63dc975\" data-element_type=\"widget\" data-widget_type=\"text-editor.default\">\n\t\t\t\t\t\t\t\t\t<ul><li>Facult\u00e9 de m\u00e9decine de Montpellier<\/li><li>Internat et assistanat d\u2019ORL et chirurgie cervicofaciale \u00e0 Toulouse<\/li><li>DESIU de chirurgie du visage, Marseille Nice Toulouse<\/li><li>DU Rhinoplastie esth\u00e9tique et fonctionnelle, Universit\u00e9 Paris La Sorbonne<\/li><li>Accr\u00e9dit\u00e9e HAS<\/li><\/ul>\t\t\t\t\t\t\t\t<\/div>\n\t\t\t\t<div class=\"elementor-element elementor-element-dc86ecc elementor-widget elementor-widget-text-editor\" data-id=\"dc86ecc\" data-element_type=\"widget\" data-widget_type=\"text-editor.default\">\n\t\t\t\t\t\t\t\t\t<p class=\"p1\">La consultation<\/p>\t\t\t\t\t\t\t\t<\/div>\n\t\t\t\t<div class=\"elementor-element elementor-element-600baef elementor-widget elementor-widget-text-editor\" data-id=\"600baef\" data-element_type=\"widget\" data-widget_type=\"text-editor.default\">\n\t\t\t\t\t\t\t\t\t<p class=\"p1\">Les consultations ont lieu au Cabinet Lille ORL, au centre m\u00e9dical La Roseraie, situ\u00e9 au 117 avenue de Dunkerque \u00e0 Lille (2\u1d49 \u00e9tage). Le cabinet dispose d\u2019un plateau technique complet, permettant une \u00e9valuation \u00e0 la fois fonctionnelle et esth\u00e9tique du nez.<\/p><p class=\"p1\">Lors de cette consultation d\u00e9di\u00e9e, le Dr Julie Isquierdo prend le temps d\u2019analyser les attentes de chaque patient, d\u2019examiner la respiration nasale et la morphologie du nez, afin de d\u00e9terminer la prise en charge la plus adapt\u00e9e. Ce moment d\u2019\u00e9change privil\u00e9gi\u00e9 permet de d\u00e9finir un projet personnalis\u00e9, respectueux de l\u2019\u00e9quilibre du visage et des besoins fonctionnels.<\/p>\t\t\t\t\t\t\t\t<\/div>\n\t\t\t\t\t<\/div>\n\t\t<\/div>\n\t\t\t\t\t<\/div>\n\t\t<\/section>\n\t\t\t\t<section class=\"elementor-section elementor-top-section elementor-element elementor-element-db6fada elementor-section-content-middle elementor-section-full_width elementor-section-height-default elementor-section-height-default\" data-id=\"db6fada\" data-element_type=\"section\">\n\t\t\t\t\t\t<div class=\"elementor-container elementor-column-gap-no\">\n\t\t\t\t\t<div class=\"elementor-column elementor-col-100 elementor-top-column elementor-element elementor-element-1020236f\" data-id=\"1020236f\" data-element_type=\"column\">\n\t\t\t<div class=\"elementor-widget-wrap elementor-element-populated\">\n\t\t\t\t\t\t<section class=\"elementor-section elementor-inner-section elementor-element elementor-element-2b6fa555 elementor-section-content-middle elementor-section-boxed elementor-section-height-default elementor-section-height-default\" data-id=\"2b6fa555\" data-element_type=\"section\">\n\t\t\t\t\t\t<div class=\"elementor-container elementor-column-gap-no\">\n\t\t\t\t\t<div class=\"elementor-column elementor-col-50 elementor-inner-column elementor-element elementor-element-ed098f4\" data-id=\"ed098f4\" data-element_type=\"column\" data-settings=\"{&quot;background_background&quot;:&quot;classic&quot;}\">\n\t\t\t<div class=\"elementor-widget-wrap elementor-element-populated\">\n\t\t\t\t\t<div class=\"elementor-background-overlay\"><\/div>\n\t\t\t\t\t\t<div class=\"elementor-element elementor-element-febd619 elementor-widget elementor-widget-heading\" data-id=\"febd619\" data-element_type=\"widget\" data-widget_type=\"heading.default\">\n\t\t\t\t\t<h2 class=\"elementor-heading-title elementor-size-default\">Examen nasofibroscopique<\/h2>\t\t\t\t<\/div>\n\t\t\t\t<div class=\"elementor-element elementor-element-6f2b40d6 elementor-widget elementor-widget-text-editor\" data-id=\"6f2b40d6\" data-element_type=\"widget\" data-widget_type=\"text-editor.default\">\n\t\t\t\t\t\t\t\t\t<p>L\u2019examen nasofibroscopique est un temps essentiel de la consultation ORL.<\/p><p>\u00c0 l\u2019aide d\u2019une mini-cam\u00e9ra souple introduite dans les fosses nasales, il permet de visualiser avec pr\u00e9cision les structures internes du nez (cloison, cornets, valves nasales, sinus) et d\u2019identifier toute anomalie pouvant expliquer une g\u00eane respiratoire.<\/p><p>L\u2019examen est indolore, r\u00e9alis\u00e9 en quelques minutes, et fournit des informations pr\u00e9cieuses pour orienter la prise en charge m\u00e9dicale ou chirurgicale.<\/p>\t\t\t\t\t\t\t\t<\/div>\n\t\t\t\t\t<\/div>\n\t\t<\/div>\n\t\t\t\t<div class=\"elementor-column elementor-col-50 elementor-inner-column elementor-element elementor-element-bc0d606\" data-id=\"bc0d606\" data-element_type=\"column\" data-settings=\"{&quot;background_background&quot;:&quot;classic&quot;}\">\n\t\t\t<div class=\"elementor-widget-wrap elementor-element-populated\">\n\t\t\t\t\t<div class=\"elementor-background-overlay\"><\/div>\n\t\t\t\t\t\t<div class=\"elementor-element elementor-element-19b5435 elementor-widget elementor-widget-heading\" data-id=\"19b5435\" data-element_type=\"widget\" data-widget_type=\"heading.default\">\n\t\t\t\t\t<h2 class=\"elementor-heading-title elementor-size-default\">Bilan photographique<\/h2>\t\t\t\t<\/div>\n\t\t\t\t<div class=\"elementor-element elementor-element-da5292f elementor-widget elementor-widget-text-editor\" data-id=\"da5292f\" data-element_type=\"widget\" data-widget_type=\"text-editor.default\">\n\t\t\t\t\t\t\t\t\t<p class=\"p1\">Le bilan photographique constitue une \u00e9tape cl\u00e9 avant toute chirurgie du nez.<\/p><p class=\"p1\">Il permet d\u2019analyser avec rigueur les proportions et les lignes du visage, d\u2019\u00e9tudier les asym\u00e9tries et de pr\u00e9parer le projet chirurgical.<\/p><p class=\"p1\">Ces photos, r\u00e9alis\u00e9es sous diff\u00e9rents angles, servent de base \u00e0 la simulation pr\u00e9op\u00e9ratoire et facilitent le dialogue entre le patient et le chirurgien autour des objectifs esth\u00e9tiques souhait\u00e9s.<\/p>\t\t\t\t\t\t\t\t<\/div>\n\t\t\t\t\t<\/div>\n\t\t<\/div>\n\t\t\t\t\t<\/div>\n\t\t<\/section>\n\t\t\t\t<section class=\"elementor-section elementor-inner-section elementor-element elementor-element-6765713 elementor-section-content-middle elementor-section-boxed elementor-section-height-default elementor-section-height-default\" data-id=\"6765713\" data-element_type=\"section\">\n\t\t\t\t\t\t<div class=\"elementor-container elementor-column-gap-no\">\n\t\t\t\t\t<div class=\"elementor-column elementor-col-50 elementor-inner-column elementor-element elementor-element-da2ee1e\" data-id=\"da2ee1e\" data-element_type=\"column\" data-settings=\"{&quot;background_background&quot;:&quot;classic&quot;}\">\n\t\t\t<div class=\"elementor-widget-wrap elementor-element-populated\">\n\t\t\t\t\t<div class=\"elementor-background-overlay\"><\/div>\n\t\t\t\t\t\t<div class=\"elementor-element elementor-element-df6c229 elementor-hidden-desktop elementor-widget elementor-widget-spacer\" data-id=\"df6c229\" data-element_type=\"widget\" data-widget_type=\"spacer.default\">\n\t\t\t\t\t\t\t<div class=\"elementor-spacer\">\n\t\t\t<div class=\"elementor-spacer-inner\"><\/div>\n\t\t<\/div>\n\t\t\t\t\t\t<\/div>\n\t\t\t\t\t<\/div>\n\t\t<\/div>\n\t\t\t\t<div class=\"elementor-column elementor-col-50 elementor-inner-column elementor-element elementor-element-35f1f33\" data-id=\"35f1f33\" data-element_type=\"column\" data-settings=\"{&quot;background_background&quot;:&quot;classic&quot;}\">\n\t\t\t<div class=\"elementor-widget-wrap elementor-element-populated\">\n\t\t\t\t\t<div class=\"elementor-background-overlay\"><\/div>\n\t\t\t\t\t\t<div class=\"elementor-element elementor-element-86f5fd6 elementor-widget elementor-widget-heading\" data-id=\"86f5fd6\" data-element_type=\"widget\" data-widget_type=\"heading.default\">\n\t\t\t\t\t<h2 class=\"elementor-heading-title elementor-size-default\">Simulation pr\u00e9-op\u00e9ratoire<\/h2>\t\t\t\t<\/div>\n\t\t\t\t<div class=\"elementor-element elementor-element-8e32a47 elementor-widget elementor-widget-text-editor\" data-id=\"8e32a47\" data-element_type=\"widget\" data-widget_type=\"text-editor.default\">\n\t\t\t\t\t\t\t\t\t<p class=\"p1\">La simulation pr\u00e9op\u00e9ratoire est un outil d\u2019\u00e9change et de compr\u00e9hension.<\/p><p class=\"p1\">Gr\u00e2ce \u00e0 une mod\u00e9lisation num\u00e9rique, le Dr Isquierdo peut montrer les modifications envisag\u00e9es du nez et proposer un aper\u00e7u r\u00e9aliste du r\u00e9sultat attendu. Elle ne remplace pas l\u2019expertise chirurgicale mais aide \u00e0 d\u00e9finir un projet coh\u00e9rent, respectant les traits du visage et les attentes du patient.<\/p><p class=\"p1\">Ce moment permet \u00e9galement de r\u00e9pondre \u00e0 toutes les questions concernant l\u2019intervention, l\u2019anesth\u00e9sie, la r\u00e9cup\u00e9ration et le r\u00e9sultat final.<\/p>\t\t\t\t\t\t\t\t<\/div>\n\t\t\t\t\t<\/div>\n\t\t<\/div>\n\t\t\t\t\t<\/div>\n\t\t<\/section>\n\t\t\t\t\t<\/div>\n\t\t<\/div>\n\t\t\t\t\t<\/div>\n\t\t<\/section>\n\t\t\t\t<section class=\"elementor-section elementor-top-section elementor-element elementor-element-a1c5a1b elementor-section-full_width elementor-section-stretched elementor-section-height-default elementor-section-height-default\" data-id=\"a1c5a1b\" data-element_type=\"section\" data-settings=\"{&quot;stretch_section&quot;:&quot;section-stretched&quot;}\">\n\t\t\t\t\t\t<div class=\"elementor-container elementor-column-gap-default\">\n\t\t\t\t\t<div class=\"elementor-column elementor-col-100 elementor-top-column elementor-element elementor-element-6298a7a9\" data-id=\"6298a7a9\" data-element_type=\"column\">\n\t\t\t<div class=\"elementor-widget-wrap elementor-element-populated\">\n\t\t\t\t\t\t<section class=\"elementor-section elementor-inner-section elementor-element elementor-element-1a249e7c elementor-section-boxed elementor-section-height-default elementor-section-height-default\" data-id=\"1a249e7c\" data-element_type=\"section\">\n\t\t\t\t\t\t<div class=\"elementor-container elementor-column-gap-default\">\n\t\t\t\t\t<div class=\"elementor-column elementor-col-50 elementor-inner-column elementor-element elementor-element-73ddfa09\" data-id=\"73ddfa09\" data-element_type=\"column\">\n\t\t\t<div class=\"elementor-widget-wrap elementor-element-populated\">\n\t\t\t\t\t\t<div class=\"elementor-element elementor-element-715c843a elementor-widget elementor-widget-image\" data-id=\"715c843a\" data-element_type=\"widget\" data-widget_type=\"image.default\">\n\t\t\t\t\t\t\t\t\t\t\t\t\t\t\t<img decoding=\"async\" width=\"819\" height=\"1024\" src=\"https:\/\/julie-isquierdo.com\/wp-content\/uploads\/2026\/01\/Picto-Chirurgie-819x1024.png\" class=\"attachment-large size-large wp-image-135\" alt=\"\" srcset=\"https:\/\/julie-isquierdo.com\/wp-content\/uploads\/2026\/01\/Picto-Chirurgie-819x1024.png 819w, https:\/\/julie-isquierdo.com\/wp-content\/uploads\/2026\/01\/Picto-Chirurgie-240x300.png 240w, https:\/\/julie-isquierdo.com\/wp-content\/uploads\/2026\/01\/Picto-Chirurgie-768x960.png 768w, https:\/\/julie-isquierdo.com\/wp-content\/uploads\/2026\/01\/Picto-Chirurgie.png 1080w\" sizes=\"(max-width: 819px) 100vw, 819px\" \/>\t\t\t\t\t\t\t\t\t\t\t\t\t\t\t<\/div>\n\t\t\t\t<div class=\"elementor-element elementor-element-4a457513 elementor-widget elementor-widget-heading\" data-id=\"4a457513\" data-element_type=\"widget\" data-widget_type=\"heading.default\">\n\t\t\t\t\t<h4 class=\"elementor-heading-title elementor-size-default\">Activit\u00e9 chirurgicale<\/h4>\t\t\t\t<\/div>\n\t\t\t\t<div class=\"elementor-element elementor-element-6ddf61ac elementor-align-center elementor-widget elementor-widget-button\" data-id=\"6ddf61ac\" data-element_type=\"widget\" data-widget_type=\"button.default\">\n\t\t\t\t\t\t\t\t\t\t<a class=\"elementor-button elementor-button-link elementor-size-xs elementor-animation-grow\" href=\"https:\/\/julie-isquierdo.com\/index.php\/activite-chirurgicale\/\">\n\t\t\t\t\t\t<span class=\"elementor-button-content-wrapper\">\n\t\t\t\t\t\t\t\t\t<span class=\"elementor-button-text\">EN SAVOIR +<\/span>\n\t\t\t\t\t<\/span>\n\t\t\t\t\t<\/a>\n\t\t\t\t\t\t\t\t<\/div>\n\t\t\t\t\t<\/div>\n\t\t<\/div>\n\t\t\t\t<div class=\"elementor-column elementor-col-50 elementor-inner-column elementor-element elementor-element-37b5c7a4\" data-id=\"37b5c7a4\" data-element_type=\"column\">\n\t\t\t<div class=\"elementor-widget-wrap elementor-element-populated\">\n\t\t\t\t\t\t<div class=\"elementor-element elementor-element-353e6cf2 elementor-widget elementor-widget-image\" data-id=\"353e6cf2\" data-element_type=\"widget\" data-widget_type=\"image.default\">\n\t\t\t\t\t\t\t\t\t\t\t\t\t\t\t<img decoding=\"async\" width=\"819\" height=\"1024\" src=\"https:\/\/julie-isquierdo.com\/wp-content\/uploads\/2026\/01\/Picto-FAQ-819x1024.png\" class=\"attachment-large size-large wp-image-136\" alt=\"\" srcset=\"https:\/\/julie-isquierdo.com\/wp-content\/uploads\/2026\/01\/Picto-FAQ-819x1024.png 819w, https:\/\/julie-isquierdo.com\/wp-content\/uploads\/2026\/01\/Picto-FAQ-240x300.png 240w, https:\/\/julie-isquierdo.com\/wp-content\/uploads\/2026\/01\/Picto-FAQ-768x960.png 768w, https:\/\/julie-isquierdo.com\/wp-content\/uploads\/2026\/01\/Picto-FAQ.png 1080w\" sizes=\"(max-width: 819px) 100vw, 819px\" \/>\t\t\t\t\t\t\t\t\t\t\t\t\t\t\t<\/div>\n\t\t\t\t<div class=\"elementor-element elementor-element-43564f4f elementor-widget elementor-widget-heading\" data-id=\"43564f4f\" data-element_type=\"widget\" data-widget_type=\"heading.default\">\n\t\t\t\t\t<h4 class=\"elementor-heading-title elementor-size-default\">Questions fr\u00e9quentes<\/h4>\t\t\t\t<\/div>\n\t\t\t\t<div class=\"elementor-element elementor-element-66e47a62 elementor-align-center elementor-widget elementor-widget-button\" data-id=\"66e47a62\" data-element_type=\"widget\" data-widget_type=\"button.default\">\n\t\t\t\t\t\t\t\t\t\t<a class=\"elementor-button elementor-button-link elementor-size-xs elementor-animation-grow\" href=\"https:\/\/julie-isquierdo.com\/index.php\/questions-frequentes\/\">\n\t\t\t\t\t\t<span class=\"elementor-button-content-wrapper\">\n\t\t\t\t\t\t\t\t\t<span class=\"elementor-button-text\">EN SAVOIR +<\/span>\n\t\t\t\t\t<\/span>\n\t\t\t\t\t<\/a>\n\t\t\t\t\t\t\t\t<\/div>\n\t\t\t\t\t<\/div>\n\t\t<\/div>\n\t\t\t\t\t<\/div>\n\t\t<\/section>\n\t\t\t\t\t<\/div>\n\t\t<\/div>\n\t\t\t\t\t<\/div>\n\t\t<\/section>\n\t\t\t\t<section class=\"elementor-section elementor-top-section elementor-element elementor-element-1d8f0c49 elementor-section-full_width elementor-section-stretched elementor-section-height-default elementor-section-height-default\" data-id=\"1d8f0c49\" data-element_type=\"section\" data-settings=\"{&quot;background_background&quot;:&quot;classic&quot;,&quot;stretch_section&quot;:&quot;section-stretched&quot;}\">\n\t\t\t\t\t\t<div class=\"elementor-container elementor-column-gap-no\">\n\t\t\t\t\t<div class=\"elementor-column elementor-col-100 elementor-top-column elementor-element elementor-element-24291fc3\" data-id=\"24291fc3\" data-element_type=\"column\">\n\t\t\t<div class=\"elementor-widget-wrap elementor-element-populated\">\n\t\t\t\t\t\t<div class=\"elementor-element elementor-element-3fbc4bb2 elementor-widget elementor-widget-google_maps\" data-id=\"3fbc4bb2\" data-element_type=\"widget\" data-widget_type=\"google_maps.default\">\n\t\t\t\t\t\t\t<div class=\"elementor-custom-embed\">\n\t\t\t<iframe loading=\"lazy\"\n\t\t\t\t\tsrc=\"https:\/\/maps.google.com\/maps?q=117%20avenue%20de%20Dunkerque%20Lille&#038;t=m&#038;z=18&#038;output=embed&#038;iwloc=near\"\n\t\t\t\t\ttitle=\"117 avenue de Dunkerque Lille\"\n\t\t\t\t\taria-label=\"117 avenue de Dunkerque Lille\"\n\t\t\t><\/iframe>\n\t\t<\/div>\n\t\t\t\t\t\t<\/div>\n\t\t\t\t<section class=\"elementor-section elementor-inner-section elementor-element elementor-element-4e4d50f7 elementor-section-content-middle elementor-section-boxed elementor-section-height-default elementor-section-height-default\" data-id=\"4e4d50f7\" data-element_type=\"section\" data-settings=\"{&quot;background_background&quot;:&quot;classic&quot;}\">\n\t\t\t\t\t\t<div class=\"elementor-container elementor-column-gap-no\">\n\t\t\t\t\t<div class=\"elementor-column elementor-col-100 elementor-inner-column elementor-element elementor-element-28bbb823\" data-id=\"28bbb823\" data-element_type=\"column\">\n\t\t\t<div class=\"elementor-widget-wrap elementor-element-populated\">\n\t\t\t\t\t\t<div class=\"elementor-element elementor-element-6dc6c5f elementor-widget elementor-widget-image\" data-id=\"6dc6c5f\" data-element_type=\"widget\" data-widget_type=\"image.default\">\n\t\t\t\t\t\t\t\t\t\t\t\t\t\t\t\t<a href=\"https:\/\/julie-isquierdo.com\/\">\n\t\t\t\t\t\t\t<img loading=\"lazy\" decoding=\"async\" width=\"1000\" height=\"500\" src=\"https:\/\/julie-isquierdo.com\/wp-content\/uploads\/2026\/01\/Logo-Julie-ISQUIERDO-VF.png\" class=\"attachment-large size-large wp-image-33\" alt=\"\" srcset=\"https:\/\/julie-isquierdo.com\/wp-content\/uploads\/2026\/01\/Logo-Julie-ISQUIERDO-VF.png 1000w, https:\/\/julie-isquierdo.com\/wp-content\/uploads\/2026\/01\/Logo-Julie-ISQUIERDO-VF-300x150.png 300w, https:\/\/julie-isquierdo.com\/wp-content\/uploads\/2026\/01\/Logo-Julie-ISQUIERDO-VF-768x384.png 768w\" sizes=\"(max-width: 1000px) 100vw, 1000px\" \/>\t\t\t\t\t\t\t\t<\/a>\n\t\t\t\t\t\t\t\t\t\t\t\t\t\t\t<\/div>\n\t\t\t\t\t<\/div>\n\t\t<\/div>\n\t\t\t\t\t<\/div>\n\t\t<\/section>\n\t\t\t\t<section class=\"elementor-section elementor-inner-section elementor-element elementor-element-3c3dd7f9 elementor-section-content-middle elementor-section-boxed elementor-section-height-default elementor-section-height-default\" data-id=\"3c3dd7f9\" data-element_type=\"section\" data-settings=\"{&quot;background_background&quot;:&quot;classic&quot;}\">\n\t\t\t\t\t\t<div class=\"elementor-container elementor-column-gap-no\">\n\t\t\t\t\t<div class=\"elementor-column elementor-col-33 elementor-inner-column elementor-element elementor-element-7b45d85e\" data-id=\"7b45d85e\" data-element_type=\"column\">\n\t\t\t<div class=\"elementor-widget-wrap elementor-element-populated\">\n\t\t\t\t\t\t<div class=\"elementor-element elementor-element-1bf142e0 elementor-widget elementor-widget-heading\" data-id=\"1bf142e0\" data-element_type=\"widget\" data-widget_type=\"heading.default\">\n\t\t\t\t\t<h4 class=\"elementor-heading-title elementor-size-default\">ADRESSE<\/h4>\t\t\t\t<\/div>\n\t\t\t\t<div class=\"elementor-element elementor-element-4f1b03f9 elementor-widget elementor-widget-text-editor\" data-id=\"4f1b03f9\" data-element_type=\"widget\" data-widget_type=\"text-editor.default\">\n\t\t\t\t\t\t\t\t\t<p class=\"p1\">117 avenue de Dunkerque, 59000 Lille<br \/><span style=\"font-size: 16px;\">2\u1d49 \u00e9tage<\/span><\/p>\t\t\t\t\t\t\t\t<\/div>\n\t\t\t\t\t<\/div>\n\t\t<\/div>\n\t\t\t\t<div class=\"elementor-column elementor-col-33 elementor-inner-column elementor-element elementor-element-4d76fc50\" data-id=\"4d76fc50\" data-element_type=\"column\">\n\t\t\t<div class=\"elementor-widget-wrap elementor-element-populated\">\n\t\t\t\t\t\t<div class=\"elementor-element elementor-element-eab8809 elementor-widget elementor-widget-heading\" data-id=\"eab8809\" data-element_type=\"widget\" data-widget_type=\"heading.default\">\n\t\t\t\t\t<h4 class=\"elementor-heading-title elementor-size-default\">HORAIRES<\/h4>\t\t\t\t<\/div>\n\t\t\t\t<div class=\"elementor-element elementor-element-62a6440e elementor-widget elementor-widget-text-editor\" data-id=\"62a6440e\" data-element_type=\"widget\" data-widget_type=\"text-editor.default\">\n\t\t\t\t\t\t\t\t\t<p>Lundi au vendredi<br \/><span style=\"font-style: inherit; font-weight: inherit;\">8h &#8211; 18h<br \/><br \/><\/span><\/p>\t\t\t\t\t\t\t\t<\/div>\n\t\t\t\t\t<\/div>\n\t\t<\/div>\n\t\t\t\t<div class=\"elementor-column elementor-col-33 elementor-inner-column elementor-element elementor-element-2616e8d3\" data-id=\"2616e8d3\" data-element_type=\"column\">\n\t\t\t<div class=\"elementor-widget-wrap elementor-element-populated\">\n\t\t\t\t\t\t<div class=\"elementor-element elementor-element-25ce3ce0 elementor-widget elementor-widget-heading\" data-id=\"25ce3ce0\" data-element_type=\"widget\" data-widget_type=\"heading.default\">\n\t\t\t\t\t<h4 class=\"elementor-heading-title elementor-size-default\">contact<\/h4>\t\t\t\t<\/div>\n\t\t\t\t<div class=\"elementor-element elementor-element-7c75caf5 elementor-widget elementor-widget-text-editor\" data-id=\"7c75caf5\" data-element_type=\"widget\" data-widget_type=\"text-editor.default\">\n\t\t\t\t\t\t\t\t\t<p class=\"p1\">03 62 27 62 26<br \/>dr.isquierdo.rhinoplastie<br \/>@gmail.com<\/p>\t\t\t\t\t\t\t\t<\/div>\n\t\t\t\t\t<\/div>\n\t\t<\/div>\n\t\t\t\t\t<\/div>\n\t\t<\/section>\n\t\t\t\t\t<\/div>\n\t\t<\/div>\n\t\t\t\t\t<\/div>\n\t\t<\/section>\n\t\t\t\t<\/div>\n\t\t","protected":false},"excerpt":{"rendered":"<p>Formation et Parcours Facult\u00e9 de m\u00e9decine de Montpellier Internat et assistanat d\u2019ORL et chirurgie cervicofaciale \u00e0 Toulouse DESIU de chirurgie [&hellip;]<\/p>\n","protected":false},"author":1,"featured_media":0,"parent":0,"menu_order":0,"comment_status":"closed","ping_status":"closed","template":"","meta":{"_monsterinsights_skip_tracking":false,"_monsterinsights_sitenote_active":false,"_monsterinsights_sitenote_note":"","_monsterinsights_sitenote_category":0,"site-sidebar-layout":"default","site-content-layout":"","ast-site-content-layout":"default","site-content-style":"default","site-sidebar-style":"default","ast-global-header-display":"","ast-banner-title-visibility":"","ast-main-header-display":"","ast-hfb-above-header-display":"","ast-hfb-below-header-display":"","ast-hfb-mobile-header-display":"","site-post-title":"","ast-breadcrumbs-content":"","ast-featured-img":"","footer-sml-layout":"","ast-disable-related-posts":"","theme-transparent-header-meta":"","adv-header-id-meta":"","stick-header-meta":"","header-above-stick-meta":"","header-main-stick-meta":"","header-below-stick-meta":"","astra-migrate-meta-layouts":"default","ast-page-background-enabled":"default","ast-page-background-meta":{"desktop":{"background-color":"var(--ast-global-color-5)","background-image":"","background-repeat":"repeat","background-position":"center center","background-size":"auto","background-attachment":"scroll","background-type":"","background-media":"","overlay-type":"","overlay-color":"","overlay-opacity":"","overlay-gradient":""},"tablet":{"background-color":"","background-image":"","background-repeat":"repeat","background-position":"center center","background-size":"auto","background-attachment":"scroll","background-type":"","background-media":"","overlay-type":"","overlay-color":"","overlay-opacity":"","overlay-gradient":""},"mobile":{"background-color":"","background-image":"","background-repeat":"repeat","background-position":"center center","background-size":"auto","background-attachment":"scroll","background-type":"","background-media":"","overlay-type":"","overlay-color":"","overlay-opacity":"","overlay-gradient":""}},"ast-content-background-meta":{"desktop":{"background-color":"var(--ast-global-color-4)","background-image":"","background-repeat":"repeat","background-position":"center center","background-size":"auto","background-attachment":"scroll","background-type":"","background-media":"","overlay-type":"","overlay-color":"","overlay-opacity":"","overlay-gradient":""},"tablet":{"background-color":"var(--ast-global-color-4)","background-image":"","background-repeat":"repeat","background-position":"center center","background-size":"auto","background-attachment":"scroll","background-type":"","background-media":"","overlay-type":"","overlay-color":"","overlay-opacity":"","overlay-gradient":""},"mobile":{"background-color":"var(--ast-global-color-4)","background-image":"","background-repeat":"repeat","background-position":"center center","background-size":"auto","background-attachment":"scroll","background-type":"","background-media":"","overlay-type":"","overlay-color":"","overlay-opacity":"","overlay-gradient":""}},"footnotes":""},"class_list":["post-166","page","type-page","status-publish","hentry"],"yoast_head":"<!-- This site is optimized with the Yoast SEO plugin v26.8 - https:\/\/yoast.com\/product\/yoast-seo-wordpress\/ -->\n<title>Consultation, Diagnostic &amp; Traitement | Dr Julie Isquierdo<\/title>\n<meta name=\"description\" content=\"ORL par le Dr Julie Isquierdo \u00e0 Lille : diagnostic et traitement des troubles de l\u2019oreille, du nez et de la gorge pour adultes et enfants.\" \/>\n<meta name=\"robots\" content=\"index, follow, max-snippet:-1, max-image-preview:large, max-video-preview:-1\" \/>\n<link rel=\"canonical\" href=\"https:\/\/julie-isquierdo.com\/index.php\/consultation\/\" \/>\n<meta property=\"og:locale\" content=\"en_US\" \/>\n<meta property=\"og:type\" content=\"article\" \/>\n<meta property=\"og:title\" content=\"Consultation, Diagnostic &amp; Traitement | Dr Julie Isquierdo\" \/>\n<meta property=\"og:description\" content=\"ORL par le Dr Julie Isquierdo \u00e0 Lille : diagnostic et traitement des troubles de l\u2019oreille, du nez et de la gorge pour adultes et enfants.\" \/>\n<meta property=\"og:url\" content=\"https:\/\/julie-isquierdo.com\/index.php\/consultation\/\" \/>\n<meta property=\"article:modified_time\" content=\"2026-02-16T13:49:19+00:00\" \/>\n<meta property=\"og:image\" content=\"http:\/\/julie-isquierdo.com\/wp-content\/uploads\/2026\/01\/Isquierdo-6-819x1024.png\" \/>\n<meta name=\"twitter:card\" content=\"summary_large_image\" \/>\n<meta name=\"twitter:label1\" content=\"Est. reading time\" \/>\n\t<meta name=\"twitter:data1\" content=\"3 minutes\" \/>\n<script type=\"application\/ld+json\" class=\"yoast-schema-graph\">{\"@context\":\"https:\/\/schema.org\",\"@graph\":[{\"@type\":\"WebPage\",\"@id\":\"https:\/\/julie-isquierdo.com\/index.php\/consultation\/\",\"url\":\"https:\/\/julie-isquierdo.com\/index.php\/consultation\/\",\"name\":\"Consultation, Diagnostic & Traitement | Dr Julie Isquierdo\",\"isPartOf\":{\"@id\":\"https:\/\/julie-isquierdo.com\/#website\"},\"primaryImageOfPage\":{\"@id\":\"https:\/\/julie-isquierdo.com\/index.php\/consultation\/#primaryimage\"},\"image\":{\"@id\":\"https:\/\/julie-isquierdo.com\/index.php\/consultation\/#primaryimage\"},\"thumbnailUrl\":\"http:\/\/julie-isquierdo.com\/wp-content\/uploads\/2026\/01\/Isquierdo-6-819x1024.png\",\"datePublished\":\"2026-01-18T17:17:23+00:00\",\"dateModified\":\"2026-02-16T13:49:19+00:00\",\"description\":\"ORL par le Dr Julie Isquierdo \u00e0 Lille : diagnostic et traitement des troubles de l\u2019oreille, du nez et de la gorge pour adultes et enfants.\",\"breadcrumb\":{\"@id\":\"https:\/\/julie-isquierdo.com\/index.php\/consultation\/#breadcrumb\"},\"inLanguage\":\"en-US\",\"potentialAction\":[{\"@type\":\"ReadAction\",\"target\":[\"https:\/\/julie-isquierdo.com\/index.php\/consultation\/\"]}]},{\"@type\":\"ImageObject\",\"inLanguage\":\"en-US\",\"@id\":\"https:\/\/julie-isquierdo.com\/index.php\/consultation\/#primaryimage\",\"url\":\"https:\/\/julie-isquierdo.com\/wp-content\/uploads\/2026\/01\/Isquierdo-6.png\",\"contentUrl\":\"https:\/\/julie-isquierdo.com\/wp-content\/uploads\/2026\/01\/Isquierdo-6.png\",\"width\":1080,\"height\":1350},{\"@type\":\"BreadcrumbList\",\"@id\":\"https:\/\/julie-isquierdo.com\/index.php\/consultation\/#breadcrumb\",\"itemListElement\":[{\"@type\":\"ListItem\",\"position\":1,\"name\":\"Home\",\"item\":\"https:\/\/julie-isquierdo.com\/\"},{\"@type\":\"ListItem\",\"position\":2,\"name\":\"Consultation de rhinoplastie\"}]},{\"@type\":\"WebSite\",\"@id\":\"https:\/\/julie-isquierdo.com\/#website\",\"url\":\"https:\/\/julie-isquierdo.com\/\",\"name\":\"\",\"description\":\"Sp\u00e9cialiste en rhinoplastie esth\u00e9tique et fonctionnelle\",\"potentialAction\":[{\"@type\":\"SearchAction\",\"target\":{\"@type\":\"EntryPoint\",\"urlTemplate\":\"https:\/\/julie-isquierdo.com\/?s={search_term_string}\"},\"query-input\":{\"@type\":\"PropertyValueSpecification\",\"valueRequired\":true,\"valueName\":\"search_term_string\"}}],\"inLanguage\":\"en-US\"}]}<\/script>\n<!-- \/ Yoast SEO plugin. -->","yoast_head_json":{"title":"Consultation, Diagnostic & Traitement | Dr Julie Isquierdo","description":"ORL par le Dr Julie Isquierdo \u00e0 Lille : diagnostic et traitement des troubles de l\u2019oreille, du nez et de la gorge pour adultes et enfants.","robots":{"index":"index","follow":"follow","max-snippet":"max-snippet:-1","max-image-preview":"max-image-preview:large","max-video-preview":"max-video-preview:-1"},"canonical":"https:\/\/julie-isquierdo.com\/index.php\/consultation\/","og_locale":"en_US","og_type":"article","og_title":"Consultation, Diagnostic & Traitement | Dr Julie Isquierdo","og_description":"ORL par le Dr Julie Isquierdo \u00e0 Lille : diagnostic et traitement des troubles de l\u2019oreille, du nez et de la gorge pour adultes et enfants.","og_url":"https:\/\/julie-isquierdo.com\/index.php\/consultation\/","article_modified_time":"2026-02-16T13:49:19+00:00","og_image":[{"url":"http:\/\/julie-isquierdo.com\/wp-content\/uploads\/2026\/01\/Isquierdo-6-819x1024.png","type":"","width":"","height":""}],"twitter_card":"summary_large_image","twitter_misc":{"Est. reading time":"3 minutes"},"schema":{"@context":"https:\/\/schema.org","@graph":[{"@type":"WebPage","@id":"https:\/\/julie-isquierdo.com\/index.php\/consultation\/","url":"https:\/\/julie-isquierdo.com\/index.php\/consultation\/","name":"Consultation, Diagnostic & Traitement | Dr Julie Isquierdo","isPartOf":{"@id":"https:\/\/julie-isquierdo.com\/#website"},"primaryImageOfPage":{"@id":"https:\/\/julie-isquierdo.com\/index.php\/consultation\/#primaryimage"},"image":{"@id":"https:\/\/julie-isquierdo.com\/index.php\/consultation\/#primaryimage"},"thumbnailUrl":"http:\/\/julie-isquierdo.com\/wp-content\/uploads\/2026\/01\/Isquierdo-6-819x1024.png","datePublished":"2026-01-18T17:17:23+00:00","dateModified":"2026-02-16T13:49:19+00:00","description":"ORL par le Dr Julie Isquierdo \u00e0 Lille : diagnostic et traitement des troubles de l\u2019oreille, du nez et de la gorge pour adultes et enfants.","breadcrumb":{"@id":"https:\/\/julie-isquierdo.com\/index.php\/consultation\/#breadcrumb"},"inLanguage":"en-US","potentialAction":[{"@type":"ReadAction","target":["https:\/\/julie-isquierdo.com\/index.php\/consultation\/"]}]},{"@type":"ImageObject","inLanguage":"en-US","@id":"https:\/\/julie-isquierdo.com\/index.php\/consultation\/#primaryimage","url":"https:\/\/julie-isquierdo.com\/wp-content\/uploads\/2026\/01\/Isquierdo-6.png","contentUrl":"https:\/\/julie-isquierdo.com\/wp-content\/uploads\/2026\/01\/Isquierdo-6.png","width":1080,"height":1350},{"@type":"BreadcrumbList","@id":"https:\/\/julie-isquierdo.com\/index.php\/consultation\/#breadcrumb","itemListElement":[{"@type":"ListItem","position":1,"name":"Home","item":"https:\/\/julie-isquierdo.com\/"},{"@type":"ListItem","position":2,"name":"Consultation de rhinoplastie"}]},{"@type":"WebSite","@id":"https:\/\/julie-isquierdo.com\/#website","url":"https:\/\/julie-isquierdo.com\/","name":"","description":"Sp\u00e9cialiste en rhinoplastie esth\u00e9tique et fonctionnelle","potentialAction":[{"@type":"SearchAction","target":{"@type":"EntryPoint","urlTemplate":"https:\/\/julie-isquierdo.com\/?s={search_term_string}"},"query-input":{"@type":"PropertyValueSpecification","valueRequired":true,"valueName":"search_term_string"}}],"inLanguage":"en-US"}]}},"_links":{"self":[{"href":"https:\/\/julie-isquierdo.com\/index.php\/wp-json\/wp\/v2\/pages\/166","targetHints":{"allow":["GET"]}}],"collection":[{"href":"https:\/\/julie-isquierdo.com\/index.php\/wp-json\/wp\/v2\/pages"}],"about":[{"href":"https:\/\/julie-isquierdo.com\/index.php\/wp-json\/wp\/v2\/types\/page"}],"author":[{"embeddable":true,"href":"https:\/\/julie-isquierdo.com\/index.php\/wp-json\/wp\/v2\/users\/1"}],"replies":[{"embeddable":true,"href":"https:\/\/julie-isquierdo.com\/index.php\/wp-json\/wp\/v2\/comments?post=166"}],"version-history":[{"count":45,"href":"https:\/\/julie-isquierdo.com\/index.php\/wp-json\/wp\/v2\/pages\/166\/revisions"}],"predecessor-version":[{"id":424,"href":"https:\/\/julie-isquierdo.com\/index.php\/wp-json\/wp\/v2\/pages\/166\/revisions\/424"}],"wp:attachment":[{"href":"https:\/\/julie-isquierdo.com\/index.php\/wp-json\/wp\/v2\/media?parent=166"}],"curies":[{"name":"wp","href":"https:\/\/api.w.org\/{rel}","templated":true}]}}