{"id":204,"date":"2026-01-18T17:59:05","date_gmt":"2026-01-18T17:59:05","guid":{"rendered":"https:\/\/julie-isquierdo.com\/?page_id=204"},"modified":"2026-02-16T13:49:57","modified_gmt":"2026-02-16T13:49:57","slug":"questions-frequentes","status":"publish","type":"page","link":"https:\/\/julie-isquierdo.com\/index.php\/questions-frequentes\/","title":{"rendered":"Questions fr\u00e9quentes sur la Rhinoplastie"},"content":{"rendered":"\t\t<div data-elementor-type=\"wp-page\" data-elementor-id=\"204\" class=\"elementor elementor-204\">\n\t\t\t\t\t\t<section class=\"elementor-section elementor-top-section elementor-element elementor-element-5dc43a1c elementor-section-content-middle elementor-section-boxed elementor-section-height-default elementor-section-height-default\" data-id=\"5dc43a1c\" data-element_type=\"section\">\n\t\t\t\t\t\t<div class=\"elementor-container elementor-column-gap-no\">\n\t\t\t\t\t<div class=\"elementor-column elementor-col-50 elementor-top-column elementor-element elementor-element-4df3f66b\" data-id=\"4df3f66b\" data-element_type=\"column\">\n\t\t\t<div class=\"elementor-widget-wrap elementor-element-populated\">\n\t\t\t\t\t\t<div class=\"elementor-element elementor-element-60970b9c elementor-invisible elementor-widget elementor-widget-image\" data-id=\"60970b9c\" data-element_type=\"widget\" data-settings=\"{&quot;_animation&quot;:&quot;slideInLeft&quot;}\" data-widget_type=\"image.default\">\n\t\t\t\t\t\t\t\t\t\t\t\t\t\t\t<img fetchpriority=\"high\" decoding=\"async\" width=\"819\" height=\"1024\" src=\"https:\/\/julie-isquierdo.com\/wp-content\/uploads\/2026\/01\/Isquierdo-1-819x1024.png\" class=\"attachment-large size-large wp-image-92\" alt=\"\" srcset=\"https:\/\/julie-isquierdo.com\/wp-content\/uploads\/2026\/01\/Isquierdo-1-819x1024.png 819w, https:\/\/julie-isquierdo.com\/wp-content\/uploads\/2026\/01\/Isquierdo-1-240x300.png 240w, https:\/\/julie-isquierdo.com\/wp-content\/uploads\/2026\/01\/Isquierdo-1-768x960.png 768w, https:\/\/julie-isquierdo.com\/wp-content\/uploads\/2026\/01\/Isquierdo-1.png 1080w\" sizes=\"(max-width: 819px) 100vw, 819px\" \/>\t\t\t\t\t\t\t\t\t\t\t\t\t\t\t<\/div>\n\t\t\t\t\t<\/div>\n\t\t<\/div>\n\t\t\t\t<div class=\"elementor-column elementor-col-50 elementor-top-column elementor-element elementor-element-31f979cd\" data-id=\"31f979cd\" data-element_type=\"column\">\n\t\t\t<div class=\"elementor-widget-wrap elementor-element-populated\">\n\t\t\t\t\t\t<div class=\"elementor-element elementor-element-5022111f elementor-widget elementor-widget-text-editor\" data-id=\"5022111f\" data-element_type=\"widget\" data-widget_type=\"text-editor.default\">\n\t\t\t\t\t\t\t\t\t<p class=\"p1\">Questions fr\u00e9quentes<\/p>\t\t\t\t\t\t\t\t<\/div>\n\t\t\t\t<div class=\"elementor-element elementor-element-63dc975 elementor-widget elementor-widget-text-editor\" data-id=\"63dc975\" data-element_type=\"widget\" data-widget_type=\"text-editor.default\">\n\t\t\t\t\t\t\t\t\t<p>Vous trouverez sur cette page les r\u00e9ponses aux questions les plus fr\u00e9quemment pos\u00e9es au Dr Julie Isquierdo concernant la rhinoplastie et ses suites op\u00e9ratoires.<\/p><p><br \/>Les informations pr\u00e9sent\u00e9es ici visent \u00e0 vous rassurer et \u00e0 vous permettre d\u2019identifier les situations normales ainsi que celles n\u00e9cessitant un avis m\u00e9dical.<\/p><p>En cas de doute ou de sympt\u00f4me inhabituel, il est essentiel de nous contacter pour un suivi personnalis\u00e9.<\/p>\t\t\t\t\t\t\t\t<\/div>\n\t\t\t\t\t<\/div>\n\t\t<\/div>\n\t\t\t\t\t<\/div>\n\t\t<\/section>\n\t\t\t\t<section class=\"elementor-section elementor-top-section elementor-element elementor-element-10639e7 elementor-section-content-middle elementor-section-full_width elementor-section-height-default elementor-section-height-default\" data-id=\"10639e7\" data-element_type=\"section\">\n\t\t\t\t\t\t<div class=\"elementor-container elementor-column-gap-no\">\n\t\t\t\t\t<div class=\"elementor-column elementor-col-100 elementor-top-column elementor-element elementor-element-18bce9bf\" data-id=\"18bce9bf\" data-element_type=\"column\">\n\t\t\t<div class=\"elementor-widget-wrap elementor-element-populated\">\n\t\t\t\t\t\t<div class=\"elementor-element elementor-element-76fb616d elementor-widget elementor-widget-toggle\" data-id=\"76fb616d\" data-element_type=\"widget\" data-widget_type=\"toggle.default\">\n\t\t\t\t\t\t\t<div class=\"elementor-toggle\">\n\t\t\t\t\t\t\t<div class=\"elementor-toggle-item\">\n\t\t\t\t\t<div id=\"elementor-tab-title-1991\" class=\"elementor-tab-title\" data-tab=\"1\" role=\"button\" aria-controls=\"elementor-tab-content-1991\" aria-expanded=\"false\">\n\t\t\t\t\t\t\t\t\t\t\t\t<span class=\"elementor-toggle-icon elementor-toggle-icon-right\" aria-hidden=\"true\">\n\t\t\t\t\t\t\t\t\t\t\t\t\t\t\t<span class=\"elementor-toggle-icon-closed\"><svg class=\"e-font-icon-svg e-fas-caret-right\" viewBox=\"0 0 192 512\" xmlns=\"http:\/\/www.w3.org\/2000\/svg\"><path d=\"M0 384.662V127.338c0-17.818 21.543-26.741 34.142-14.142l128.662 128.662c7.81 7.81 7.81 20.474 0 28.284L34.142 398.804C21.543 411.404 0 402.48 0 384.662z\"><\/path><\/svg><\/span>\n\t\t\t\t\t\t\t\t<span class=\"elementor-toggle-icon-opened\"><svg class=\"elementor-toggle-icon-opened e-font-icon-svg e-fas-caret-up\" viewBox=\"0 0 320 512\" xmlns=\"http:\/\/www.w3.org\/2000\/svg\"><path d=\"M288.662 352H31.338c-17.818 0-26.741-21.543-14.142-34.142l128.662-128.662c7.81-7.81 20.474-7.81 28.284 0l128.662 128.662c12.6 12.599 3.676 34.142-14.142 34.142z\"><\/path><\/svg><\/span>\n\t\t\t\t\t\t\t\t\t\t\t\t\t<\/span>\n\t\t\t\t\t\t\t\t\t\t\t\t<a class=\"elementor-toggle-title\" tabindex=\"0\">Quelles sont les suites op\u00e9ratoires imm\u00e9diates habituelles \/ normales \/ classiques apr\u00e8s une rhinoplastie ?<\/a>\n\t\t\t\t\t<\/div>\n\n\t\t\t\t\t<div id=\"elementor-tab-content-1991\" class=\"elementor-tab-content elementor-clearfix\" data-tab=\"1\" role=\"region\" aria-labelledby=\"elementor-tab-title-1991\"><p>Un \u0153d\u00e8me (gonflement) du nez et du visage et parfois des ecchymoses autour des yeux peuvent appara\u00eetre ; ils sont transitoires et disparaissent progressivement en une dizaine de jours. Il est important de ne pas s\u2019exposer au soleil tant que persistent \u0153d\u00e8me et ecchymoses.<\/p><p>Une obstruction nasale importante et invalidante pour dormir apparait dans les suites op\u00e9ratoires imm\u00e9diates et dure \u00e9galement une dizaine de jours.<br \/>La douleur est en g\u00e9n\u00e9ral mod\u00e9r\u00e9e et bien contr\u00f4l\u00e9e par des antalgiques simples.<\/p><\/div>\n\t\t\t\t<\/div>\n\t\t\t\t\t\t\t<div class=\"elementor-toggle-item\">\n\t\t\t\t\t<div id=\"elementor-tab-title-1992\" class=\"elementor-tab-title\" data-tab=\"2\" role=\"button\" aria-controls=\"elementor-tab-content-1992\" aria-expanded=\"false\">\n\t\t\t\t\t\t\t\t\t\t\t\t<span class=\"elementor-toggle-icon elementor-toggle-icon-right\" aria-hidden=\"true\">\n\t\t\t\t\t\t\t\t\t\t\t\t\t\t\t<span class=\"elementor-toggle-icon-closed\"><svg class=\"e-font-icon-svg e-fas-caret-right\" viewBox=\"0 0 192 512\" xmlns=\"http:\/\/www.w3.org\/2000\/svg\"><path d=\"M0 384.662V127.338c0-17.818 21.543-26.741 34.142-14.142l128.662 128.662c7.81 7.81 7.81 20.474 0 28.284L34.142 398.804C21.543 411.404 0 402.48 0 384.662z\"><\/path><\/svg><\/span>\n\t\t\t\t\t\t\t\t<span class=\"elementor-toggle-icon-opened\"><svg class=\"elementor-toggle-icon-opened e-font-icon-svg e-fas-caret-up\" viewBox=\"0 0 320 512\" xmlns=\"http:\/\/www.w3.org\/2000\/svg\"><path d=\"M288.662 352H31.338c-17.818 0-26.741-21.543-14.142-34.142l128.662-128.662c7.81-7.81 20.474-7.81 28.284 0l128.662 128.662c12.6 12.599 3.676 34.142-14.142 34.142z\"><\/path><\/svg><\/span>\n\t\t\t\t\t\t\t\t\t\t\t\t\t<\/span>\n\t\t\t\t\t\t\t\t\t\t\t\t<a class=\"elementor-toggle-title\" tabindex=\"0\">Quelles sont les signes et sympt\u00f4mes devant faire appeler et\/ou consulter dans les suites op\u00e9ratoires imm\u00e9diates ?<\/a>\n\t\t\t\t\t<\/div>\n\n\t\t\t\t\t<div id=\"elementor-tab-content-1992\" class=\"elementor-tab-content elementor-clearfix\" data-tab=\"2\" role=\"region\" aria-labelledby=\"elementor-tab-title-1992\"><p>Apr\u00e8s votre op\u00e9ration, certains signes doivent vous amener \u00e0 contacter sans d\u00e9lai votre chirurgien ou le service de chirurgie :<\/p><ul><li>Saignement de nez important ou persistant (\u00e9pistaxis)<\/li><li>Douleur intense et continue, ne c\u00e9dant pas malgr\u00e9 les antalgiques prescrits<\/li><li>Fi\u00e8vre sup\u00e9rieure \u00e0 38,5 \u00b0C, accompagn\u00e9e \u00e9ventuellement de frissons ou d\u2019un malaise g\u00e9n\u00e9ral<\/li><li>Tout sympt\u00f4me inhabituel ou toute sensation qui vous inqui\u00e8te.<\/li><\/ul><p>Dans ces situations, il est recommand\u00e9 d\u2019appeler le service de chirurgie afin qu\u2019une \u00e9valuation t\u00e9l\u00e9phonique puisse \u00eatre r\u00e9alis\u00e9e.<\/p><\/div>\n\t\t\t\t<\/div>\n\t\t\t\t\t\t\t<div class=\"elementor-toggle-item\">\n\t\t\t\t\t<div id=\"elementor-tab-title-1993\" class=\"elementor-tab-title\" data-tab=\"3\" role=\"button\" aria-controls=\"elementor-tab-content-1993\" aria-expanded=\"false\">\n\t\t\t\t\t\t\t\t\t\t\t\t<span class=\"elementor-toggle-icon elementor-toggle-icon-right\" aria-hidden=\"true\">\n\t\t\t\t\t\t\t\t\t\t\t\t\t\t\t<span class=\"elementor-toggle-icon-closed\"><svg class=\"e-font-icon-svg e-fas-caret-right\" viewBox=\"0 0 192 512\" xmlns=\"http:\/\/www.w3.org\/2000\/svg\"><path d=\"M0 384.662V127.338c0-17.818 21.543-26.741 34.142-14.142l128.662 128.662c7.81 7.81 7.81 20.474 0 28.284L34.142 398.804C21.543 411.404 0 402.48 0 384.662z\"><\/path><\/svg><\/span>\n\t\t\t\t\t\t\t\t<span class=\"elementor-toggle-icon-opened\"><svg class=\"elementor-toggle-icon-opened e-font-icon-svg e-fas-caret-up\" viewBox=\"0 0 320 512\" xmlns=\"http:\/\/www.w3.org\/2000\/svg\"><path d=\"M288.662 352H31.338c-17.818 0-26.741-21.543-14.142-34.142l128.662-128.662c7.81-7.81 20.474-7.81 28.284 0l128.662 128.662c12.6 12.599 3.676 34.142-14.142 34.142z\"><\/path><\/svg><\/span>\n\t\t\t\t\t\t\t\t\t\t\t\t\t<\/span>\n\t\t\t\t\t\t\t\t\t\t\t\t<a class=\"elementor-toggle-title\" tabindex=\"0\">Que faire en cas de saignement de nez (\u00e9pistaxis) survenant dans les suites op\u00e9ratoires imm\u00e9diates apr\u00e8s une rhinoplastie ?<\/a>\n\t\t\t\t\t<\/div>\n\n\t\t\t\t\t<div id=\"elementor-tab-content-1993\" class=\"elementor-tab-content elementor-clearfix\" data-tab=\"3\" role=\"region\" aria-labelledby=\"elementor-tab-title-1993\"><p>Il est fr\u00e9quent d\u2019observer un l\u00e9ger saignement nasal dans les heures ou les jours qui suivent une rhinoplastie. Ce saignement est en g\u00e9n\u00e9ral mod\u00e9r\u00e9 et s\u2019arr\u00eate spontan\u00e9ment \u2014 il ne faut donc pas s\u2019inqui\u00e9ter.<\/p><p>Voici la conduite \u00e0 tenir :<\/p><ul><li>Nettoyez d\u00e9licatement le nez avec du s\u00e9rum physiologique froid pour \u00e9liminer les caillots de sang.<\/li><li>Appliquez du froid sur le nez, le visage et le palais pour aider \u00e0 stopper le saignement.<\/li><li>Restez au calme, la t\u00eate l\u00e9g\u00e8rement pench\u00e9e en avant.<\/li><\/ul><p>Si le saignement persiste ou devient plus abondant, contactez votre chirurgien.<br \/>Une petite m\u00e8che nasale pourra \u00eatre pos\u00e9e sous anesth\u00e9sie locale pour arr\u00eater le saignement.<\/p><\/div>\n\t\t\t\t<\/div>\n\t\t\t\t\t\t\t<div class=\"elementor-toggle-item\">\n\t\t\t\t\t<div id=\"elementor-tab-title-1994\" class=\"elementor-tab-title\" data-tab=\"4\" role=\"button\" aria-controls=\"elementor-tab-content-1994\" aria-expanded=\"false\">\n\t\t\t\t\t\t\t\t\t\t\t\t<span class=\"elementor-toggle-icon elementor-toggle-icon-right\" aria-hidden=\"true\">\n\t\t\t\t\t\t\t\t\t\t\t\t\t\t\t<span class=\"elementor-toggle-icon-closed\"><svg class=\"e-font-icon-svg e-fas-caret-right\" viewBox=\"0 0 192 512\" xmlns=\"http:\/\/www.w3.org\/2000\/svg\"><path d=\"M0 384.662V127.338c0-17.818 21.543-26.741 34.142-14.142l128.662 128.662c7.81 7.81 7.81 20.474 0 28.284L34.142 398.804C21.543 411.404 0 402.48 0 384.662z\"><\/path><\/svg><\/span>\n\t\t\t\t\t\t\t\t<span class=\"elementor-toggle-icon-opened\"><svg class=\"elementor-toggle-icon-opened e-font-icon-svg e-fas-caret-up\" viewBox=\"0 0 320 512\" xmlns=\"http:\/\/www.w3.org\/2000\/svg\"><path d=\"M288.662 352H31.338c-17.818 0-26.741-21.543-14.142-34.142l128.662-128.662c7.81-7.81 20.474-7.81 28.284 0l128.662 128.662c12.6 12.599 3.676 34.142-14.142 34.142z\"><\/path><\/svg><\/span>\n\t\t\t\t\t\t\t\t\t\t\t\t\t<\/span>\n\t\t\t\t\t\t\t\t\t\t\t\t<a class=\"elementor-toggle-title\" tabindex=\"0\">Quels sont les soins post op\u00e9ratoires apr\u00e8s une rhinoplastie ?<\/a>\n\t\t\t\t\t<\/div>\n\n\t\t\t\t\t<div id=\"elementor-tab-content-1994\" class=\"elementor-tab-content elementor-clearfix\" data-tab=\"4\" role=\"region\" aria-labelledby=\"elementor-tab-title-1994\"><p>Pour favoriser une bonne cicatrisation et un r\u00e9tablissement optimal, il est important de suivre attentivement les recommandations suivantes :<\/p><ul><li>Appliquez du froid (sans contact direct avec la peau) sur le visage, le front et les joues pour soulager la douleur et r\u00e9duire le gonflement (\u0153d\u00e8me).<\/li><li>Effectuez des soins locaux matin et soir : nettoyez d\u00e9licatement le vestibule nasal (la partie avant du nez) avec du s\u00e9rum physiologique, puis appliquez de la Vaseline sur les points de suture et \u00e0 l\u2019int\u00e9rieur des narines.<\/li><li>Prenez vos m\u00e9dicaments exactement comme indiqu\u00e9 sur votre ordonnance de sortie (antalgiques et antibiotiques).<\/li><li>Dormez sur le dos, la t\u00eate l\u00e9g\u00e8rement sur\u00e9lev\u00e9e, et \u00e9vitez tout appui ou choc sur le nez pendant la cicatrisation.<\/li><li>Adoptez une alimentation l\u00e9g\u00e8re durant les premiers jours apr\u00e8s l\u2019intervention.<\/li><li>\u00c9vitez toute exposition au soleil tant que des ecchymoses sont visibles.<\/li><li>Arr\u00eatez strictement le tabac, car il ralentit la cicatrisation.<\/li><li>Ne portez pas de lunettes pendant environ 4 \u00e0 6 semaines afin d\u2019\u00e9viter toute pression sur le nez.<\/li><li>\u00c9vitez les activit\u00e9s sportives pendant 3 semaines et les sports de contact ou \u00e0 risque de contact pendant 1 an.<\/li><li>Diff\u00e9rez les voyages pendant environ 6 semaines apr\u00e8s l\u2019op\u00e9ration.<\/li><\/ul><\/div>\n\t\t\t\t<\/div>\n\t\t\t\t\t\t\t<div class=\"elementor-toggle-item\">\n\t\t\t\t\t<div id=\"elementor-tab-title-1995\" class=\"elementor-tab-title\" data-tab=\"5\" role=\"button\" aria-controls=\"elementor-tab-content-1995\" aria-expanded=\"false\">\n\t\t\t\t\t\t\t\t\t\t\t\t<span class=\"elementor-toggle-icon elementor-toggle-icon-right\" aria-hidden=\"true\">\n\t\t\t\t\t\t\t\t\t\t\t\t\t\t\t<span class=\"elementor-toggle-icon-closed\"><svg class=\"e-font-icon-svg e-fas-caret-right\" viewBox=\"0 0 192 512\" xmlns=\"http:\/\/www.w3.org\/2000\/svg\"><path d=\"M0 384.662V127.338c0-17.818 21.543-26.741 34.142-14.142l128.662 128.662c7.81 7.81 7.81 20.474 0 28.284L34.142 398.804C21.543 411.404 0 402.48 0 384.662z\"><\/path><\/svg><\/span>\n\t\t\t\t\t\t\t\t<span class=\"elementor-toggle-icon-opened\"><svg class=\"elementor-toggle-icon-opened e-font-icon-svg e-fas-caret-up\" viewBox=\"0 0 320 512\" xmlns=\"http:\/\/www.w3.org\/2000\/svg\"><path d=\"M288.662 352H31.338c-17.818 0-26.741-21.543-14.142-34.142l128.662-128.662c7.81-7.81 20.474-7.81 28.284 0l128.662 128.662c12.6 12.599 3.676 34.142-14.142 34.142z\"><\/path><\/svg><\/span>\n\t\t\t\t\t\t\t\t\t\t\t\t\t<\/span>\n\t\t\t\t\t\t\t\t\t\t\t\t<a class=\"elementor-toggle-title\" tabindex=\"0\">Quel suivi est n\u00e9cessaire apr\u00e8s une rhinoplastie ?<\/a>\n\t\t\t\t\t<\/div>\n\n\t\t\t\t\t<div id=\"elementor-tab-content-1995\" class=\"elementor-tab-content elementor-clearfix\" data-tab=\"5\" role=\"region\" aria-labelledby=\"elementor-tab-title-1995\"><p>Le suivi post-op\u00e9ratoire est essentiel pour assurer une bonne cicatrisation et un r\u00e9sultat harmonieux et<br \/>durable.<\/p><ul><li>\u00c0 J+7 : une premi\u00e8re consultation est pr\u00e9vue pour le retrait des attelles externes et internes, ainsi que des points de suture s\u2019il y en a. Ce rendez-vous permet aussi de v\u00e9rifier la cicatrisation et de s\u2019assurer de la bonne \u00e9volution du nez.<\/li><li>Durant la premi\u00e8re ann\u00e9e, plusieurs consultations de contr\u00f4le sont programm\u00e9es.<br \/>Ces suivis r\u00e9guliers permettent :<br \/>&#8211; de surveiller la forme et la fonction du nez,<br \/>&#8211; de r\u00e9pondre \u00e0 vos questions,<br \/>&#8211; et de garantir un r\u00e9sultat naturel, stable et \u00e9quilibr\u00e9.<\/li><\/ul><\/div>\n\t\t\t\t<\/div>\n\t\t\t\t\t\t\t<div class=\"elementor-toggle-item\">\n\t\t\t\t\t<div id=\"elementor-tab-title-1996\" class=\"elementor-tab-title\" data-tab=\"6\" role=\"button\" aria-controls=\"elementor-tab-content-1996\" aria-expanded=\"false\">\n\t\t\t\t\t\t\t\t\t\t\t\t<span class=\"elementor-toggle-icon elementor-toggle-icon-right\" aria-hidden=\"true\">\n\t\t\t\t\t\t\t\t\t\t\t\t\t\t\t<span class=\"elementor-toggle-icon-closed\"><svg class=\"e-font-icon-svg e-fas-caret-right\" viewBox=\"0 0 192 512\" xmlns=\"http:\/\/www.w3.org\/2000\/svg\"><path d=\"M0 384.662V127.338c0-17.818 21.543-26.741 34.142-14.142l128.662 128.662c7.81 7.81 7.81 20.474 0 28.284L34.142 398.804C21.543 411.404 0 402.48 0 384.662z\"><\/path><\/svg><\/span>\n\t\t\t\t\t\t\t\t<span class=\"elementor-toggle-icon-opened\"><svg class=\"elementor-toggle-icon-opened e-font-icon-svg e-fas-caret-up\" viewBox=\"0 0 320 512\" xmlns=\"http:\/\/www.w3.org\/2000\/svg\"><path d=\"M288.662 352H31.338c-17.818 0-26.741-21.543-14.142-34.142l128.662-128.662c7.81-7.81 20.474-7.81 28.284 0l128.662 128.662c12.6 12.599 3.676 34.142-14.142 34.142z\"><\/path><\/svg><\/span>\n\t\t\t\t\t\t\t\t\t\t\t\t\t<\/span>\n\t\t\t\t\t\t\t\t\t\t\t\t<a class=\"elementor-toggle-title\" tabindex=\"0\">Quels sympt\u00f4mes \/ signes doivent faire re consulter apr\u00e8s une rhinoplastie ?<\/a>\n\t\t\t\t\t<\/div>\n\n\t\t\t\t\t<div id=\"elementor-tab-content-1996\" class=\"elementor-tab-content elementor-clearfix\" data-tab=\"6\" role=\"region\" aria-labelledby=\"elementor-tab-title-1996\"><p>Apr\u00e8s une rhinoplastie, il peut arriver qu\u2019une infection des sinus (ou sinusite) survienne. Certains signes doivent vous alerter :<\/p><ul><li>Nez soudainement plus bouch\u00e9,<\/li><li>\u00c9coulement nasal purulent,<\/li><li>Douleurs au niveau des sinus,<\/li><li>Fi\u00e8vre.<\/li><\/ul><p>En cas d\u2019apparition de ces sympt\u00f4mes, consultez rapidement votre m\u00e9decin traitant afin qu\u2019un traitement antibiotique soit mis en place.<br \/>Il est ensuite important de pr\u00e9venir votre chirurgien, qui pourra effectuer une r\u00e9\u00e9valuation anticip\u00e9e pour s\u2019assurer de la bonne \u00e9volution de la cicatrisation.<\/p><\/div>\n\t\t\t\t<\/div>\n\t\t\t\t\t\t\t<div class=\"elementor-toggle-item\">\n\t\t\t\t\t<div id=\"elementor-tab-title-1997\" class=\"elementor-tab-title\" data-tab=\"7\" role=\"button\" aria-controls=\"elementor-tab-content-1997\" aria-expanded=\"false\">\n\t\t\t\t\t\t\t\t\t\t\t\t<span class=\"elementor-toggle-icon elementor-toggle-icon-right\" aria-hidden=\"true\">\n\t\t\t\t\t\t\t\t\t\t\t\t\t\t\t<span class=\"elementor-toggle-icon-closed\"><svg class=\"e-font-icon-svg e-fas-caret-right\" viewBox=\"0 0 192 512\" xmlns=\"http:\/\/www.w3.org\/2000\/svg\"><path d=\"M0 384.662V127.338c0-17.818 21.543-26.741 34.142-14.142l128.662 128.662c7.81 7.81 7.81 20.474 0 28.284L34.142 398.804C21.543 411.404 0 402.48 0 384.662z\"><\/path><\/svg><\/span>\n\t\t\t\t\t\t\t\t<span class=\"elementor-toggle-icon-opened\"><svg class=\"elementor-toggle-icon-opened e-font-icon-svg e-fas-caret-up\" viewBox=\"0 0 320 512\" xmlns=\"http:\/\/www.w3.org\/2000\/svg\"><path d=\"M288.662 352H31.338c-17.818 0-26.741-21.543-14.142-34.142l128.662-128.662c7.81-7.81 20.474-7.81 28.284 0l128.662 128.662c12.6 12.599 3.676 34.142-14.142 34.142z\"><\/path><\/svg><\/span>\n\t\t\t\t\t\t\t\t\t\t\t\t\t<\/span>\n\t\t\t\t\t\t\t\t\t\t\t\t<a class=\"elementor-toggle-title\" tabindex=\"0\">Quand puis-je remettre mes lunettes apr\u00e8s une rhinoplastie ?<\/a>\n\t\t\t\t\t<\/div>\n\n\t\t\t\t\t<div id=\"elementor-tab-content-1997\" class=\"elementor-tab-content elementor-clearfix\" data-tab=\"7\" role=\"region\" aria-labelledby=\"elementor-tab-title-1997\"><p>Il est recommand\u00e9 d\u2019\u00e9viter de porter des lunettes pendant environ trois semaines apr\u00e8s l\u2019intervention, afin de ne pas exercer de pression sur le nez en cours de cicatrisation. Si vos lunettes sont lourdes ou la monture particuli\u00e8rement rigide, cette pr\u00e9caution est encore plus importante.<br \/>Votre chirurgien vous indiquera quand le port de lunettes pourra \u00eatre repris en toute s\u00e9curit\u00e9, selon l\u2019\u00e9volution de votre cicatrisation.<\/p><\/div>\n\t\t\t\t<\/div>\n\t\t\t\t\t\t\t<div class=\"elementor-toggle-item\">\n\t\t\t\t\t<div id=\"elementor-tab-title-1998\" class=\"elementor-tab-title\" data-tab=\"8\" role=\"button\" aria-controls=\"elementor-tab-content-1998\" aria-expanded=\"false\">\n\t\t\t\t\t\t\t\t\t\t\t\t<span class=\"elementor-toggle-icon elementor-toggle-icon-right\" aria-hidden=\"true\">\n\t\t\t\t\t\t\t\t\t\t\t\t\t\t\t<span class=\"elementor-toggle-icon-closed\"><svg class=\"e-font-icon-svg e-fas-caret-right\" viewBox=\"0 0 192 512\" xmlns=\"http:\/\/www.w3.org\/2000\/svg\"><path d=\"M0 384.662V127.338c0-17.818 21.543-26.741 34.142-14.142l128.662 128.662c7.81 7.81 7.81 20.474 0 28.284L34.142 398.804C21.543 411.404 0 402.48 0 384.662z\"><\/path><\/svg><\/span>\n\t\t\t\t\t\t\t\t<span class=\"elementor-toggle-icon-opened\"><svg class=\"elementor-toggle-icon-opened e-font-icon-svg e-fas-caret-up\" viewBox=\"0 0 320 512\" xmlns=\"http:\/\/www.w3.org\/2000\/svg\"><path d=\"M288.662 352H31.338c-17.818 0-26.741-21.543-14.142-34.142l128.662-128.662c7.81-7.81 20.474-7.81 28.284 0l128.662 128.662c12.6 12.599 3.676 34.142-14.142 34.142z\"><\/path><\/svg><\/span>\n\t\t\t\t\t\t\t\t\t\t\t\t\t<\/span>\n\t\t\t\t\t\t\t\t\t\t\t\t<a class=\"elementor-toggle-title\" tabindex=\"0\">Quand puis-je reprendre le travail apr\u00e8s une rhinoplastie ?<\/a>\n\t\t\t\t\t<\/div>\n\n\t\t\t\t\t<div id=\"elementor-tab-content-1998\" class=\"elementor-tab-content elementor-clearfix\" data-tab=\"8\" role=\"region\" aria-labelledby=\"elementor-tab-title-1998\"><p class=\"p1\">Il est conseill\u00e9 de pr\u00e9voir une interruption compl\u00e8te de vos activit\u00e9s professionnelles pendant environ 10 jours apr\u00e8s l\u2019intervention. Une reprise progressive, par exemple en t\u00e9l\u00e9travail, peut ensuite \u00eatre envisag\u00e9e selon votre \u00e9tat.<\/p><p class=\"p1\">La reprise normale du travail est g\u00e9n\u00e9ralement possible au bout de trois semaines. Pour les professions impliquant une pr\u00e9sentation publique ou une activit\u00e9 sociale importante, il faut savoir que les traces visibles de l\u2019intervention (ecchymoses, gonflement) deviennent le plus souvent discr\u00e8tes \u00e0 partir de la troisi\u00e8me semaine post-op\u00e9ratoire.<\/p><\/div>\n\t\t\t\t<\/div>\n\t\t\t\t\t\t\t<div class=\"elementor-toggle-item\">\n\t\t\t\t\t<div id=\"elementor-tab-title-1999\" class=\"elementor-tab-title\" data-tab=\"9\" role=\"button\" aria-controls=\"elementor-tab-content-1999\" aria-expanded=\"false\">\n\t\t\t\t\t\t\t\t\t\t\t\t<span class=\"elementor-toggle-icon elementor-toggle-icon-right\" aria-hidden=\"true\">\n\t\t\t\t\t\t\t\t\t\t\t\t\t\t\t<span class=\"elementor-toggle-icon-closed\"><svg class=\"e-font-icon-svg e-fas-caret-right\" viewBox=\"0 0 192 512\" xmlns=\"http:\/\/www.w3.org\/2000\/svg\"><path d=\"M0 384.662V127.338c0-17.818 21.543-26.741 34.142-14.142l128.662 128.662c7.81 7.81 7.81 20.474 0 28.284L34.142 398.804C21.543 411.404 0 402.48 0 384.662z\"><\/path><\/svg><\/span>\n\t\t\t\t\t\t\t\t<span class=\"elementor-toggle-icon-opened\"><svg class=\"elementor-toggle-icon-opened e-font-icon-svg e-fas-caret-up\" viewBox=\"0 0 320 512\" xmlns=\"http:\/\/www.w3.org\/2000\/svg\"><path d=\"M288.662 352H31.338c-17.818 0-26.741-21.543-14.142-34.142l128.662-128.662c7.81-7.81 20.474-7.81 28.284 0l128.662 128.662c12.6 12.599 3.676 34.142-14.142 34.142z\"><\/path><\/svg><\/span>\n\t\t\t\t\t\t\t\t\t\t\t\t\t<\/span>\n\t\t\t\t\t\t\t\t\t\t\t\t<a class=\"elementor-toggle-title\" tabindex=\"0\">Quand puis-je reprendre le sport apr\u00e8s une rhinoplastie ?<\/a>\n\t\t\t\t\t<\/div>\n\n\t\t\t\t\t<div id=\"elementor-tab-content-1999\" class=\"elementor-tab-content elementor-clearfix\" data-tab=\"9\" role=\"region\" aria-labelledby=\"elementor-tab-title-1999\"><p>Apr\u00e8s une rhinoplastie, il est important de laisser le nez cicatriser compl\u00e8tement avant de reprendre toute activit\u00e9 physique.<\/p><p>Voici les recommandations habituelles :<\/p><ul><li>Aucune activit\u00e9 sportive pendant 3 semaines, afin de ne pas perturber la cicatrisation.<\/li><li>Reprise progressive du sport l\u00e9ger ensuite, selon votre confort et les conseils de votre chirurgien.<\/li><li>Natation : \u00e0 \u00e9viter pendant environ 2 mois.<\/li><li>Sports \u00e0 risque de contact (sports collectifs, sports avec ballon) : \u00e0 \u00e9viter pendant 1 an.<\/li><li>Sports de contact direct (combat, rugby, etc.) : \u00e0 \u00e9viter d\u00e9finitivement, car ils pr\u00e9sentent un risque de traumatisme nasal important.<\/li><\/ul><\/div>\n\t\t\t\t<\/div>\n\t\t\t\t\t\t\t<div class=\"elementor-toggle-item\">\n\t\t\t\t\t<div id=\"elementor-tab-title-19910\" class=\"elementor-tab-title\" data-tab=\"10\" role=\"button\" aria-controls=\"elementor-tab-content-19910\" aria-expanded=\"false\">\n\t\t\t\t\t\t\t\t\t\t\t\t<span class=\"elementor-toggle-icon elementor-toggle-icon-right\" aria-hidden=\"true\">\n\t\t\t\t\t\t\t\t\t\t\t\t\t\t\t<span class=\"elementor-toggle-icon-closed\"><svg class=\"e-font-icon-svg e-fas-caret-right\" viewBox=\"0 0 192 512\" xmlns=\"http:\/\/www.w3.org\/2000\/svg\"><path d=\"M0 384.662V127.338c0-17.818 21.543-26.741 34.142-14.142l128.662 128.662c7.81 7.81 7.81 20.474 0 28.284L34.142 398.804C21.543 411.404 0 402.48 0 384.662z\"><\/path><\/svg><\/span>\n\t\t\t\t\t\t\t\t<span class=\"elementor-toggle-icon-opened\"><svg class=\"elementor-toggle-icon-opened e-font-icon-svg e-fas-caret-up\" viewBox=\"0 0 320 512\" xmlns=\"http:\/\/www.w3.org\/2000\/svg\"><path d=\"M288.662 352H31.338c-17.818 0-26.741-21.543-14.142-34.142l128.662-128.662c7.81-7.81 20.474-7.81 28.284 0l128.662 128.662c12.6 12.599 3.676 34.142-14.142 34.142z\"><\/path><\/svg><\/span>\n\t\t\t\t\t\t\t\t\t\t\t\t\t<\/span>\n\t\t\t\t\t\t\t\t\t\t\t\t<a class=\"elementor-toggle-title\" tabindex=\"0\">Quand puis-je partir en vacances apr\u00e8s une rhinoplastie ?<\/a>\n\t\t\t\t\t<\/div>\n\n\t\t\t\t\t<div id=\"elementor-tab-content-19910\" class=\"elementor-tab-content elementor-clearfix\" data-tab=\"10\" role=\"region\" aria-labelledby=\"elementor-tab-title-19910\"><p class=\"p1\">Il est recommand\u00e9 de ne pas pr\u00e9voir de vacances dans les six semaines suivant l\u2019intervention, en particulier si elles impliquent :<\/p><ul><li class=\"p1\">des s\u00e9jours \u00e0 la mer ou \u00e0 la piscine,<\/li><li class=\"p1\">des voyages en avion,<\/li><li class=\"p1\">ou des d\u00e9placements \u00e0 l\u2019\u00e9tranger.<\/li><\/ul><p class=\"p1\">Ces activit\u00e9s peuvent exposer le nez \u00e0 des variations de pression, au soleil ou \u00e0 des risques d\u2019infection, ce qui pourrait perturber la cicatrisation. En revanche, il n\u2019y a aucune contre-indication \u00e0 des vacances calmes et familiales, \u00e0 condition d\u2019\u00e9viter les efforts physiques, les chocs et le soleil direct sur le visage.<\/p><\/div>\n\t\t\t\t<\/div>\n\t\t\t\t\t\t\t<div class=\"elementor-toggle-item\">\n\t\t\t\t\t<div id=\"elementor-tab-title-19911\" class=\"elementor-tab-title\" data-tab=\"11\" role=\"button\" aria-controls=\"elementor-tab-content-19911\" aria-expanded=\"false\">\n\t\t\t\t\t\t\t\t\t\t\t\t<span class=\"elementor-toggle-icon elementor-toggle-icon-right\" aria-hidden=\"true\">\n\t\t\t\t\t\t\t\t\t\t\t\t\t\t\t<span class=\"elementor-toggle-icon-closed\"><svg class=\"e-font-icon-svg e-fas-caret-right\" viewBox=\"0 0 192 512\" xmlns=\"http:\/\/www.w3.org\/2000\/svg\"><path d=\"M0 384.662V127.338c0-17.818 21.543-26.741 34.142-14.142l128.662 128.662c7.81 7.81 7.81 20.474 0 28.284L34.142 398.804C21.543 411.404 0 402.48 0 384.662z\"><\/path><\/svg><\/span>\n\t\t\t\t\t\t\t\t<span class=\"elementor-toggle-icon-opened\"><svg class=\"elementor-toggle-icon-opened e-font-icon-svg e-fas-caret-up\" viewBox=\"0 0 320 512\" xmlns=\"http:\/\/www.w3.org\/2000\/svg\"><path d=\"M288.662 352H31.338c-17.818 0-26.741-21.543-14.142-34.142l128.662-128.662c7.81-7.81 20.474-7.81 28.284 0l128.662 128.662c12.6 12.599 3.676 34.142-14.142 34.142z\"><\/path><\/svg><\/span>\n\t\t\t\t\t\t\t\t\t\t\t\t\t<\/span>\n\t\t\t\t\t\t\t\t\t\t\t\t<a class=\"elementor-toggle-title\" tabindex=\"0\">Quelle alimentation privil\u00e9gier apr\u00e8s une rhinoplastie ?<\/a>\n\t\t\t\t\t<\/div>\n\n\t\t\t\t\t<div id=\"elementor-tab-content-19911\" class=\"elementor-tab-content elementor-clearfix\" data-tab=\"11\" role=\"region\" aria-labelledby=\"elementor-tab-title-19911\"><p>Il n\u2019existe pas de r\u00e9gime particulier \u00e0 suivre apr\u00e8s une rhinoplastie.<br \/>Cependant, il est conseill\u00e9 de privil\u00e9gier une alimentation douce et facile \u00e0 m\u00e2cher les premiers jours, car les mouvements de mastication importants peuvent \u00eatre inconfortables. \u00c9vitez par exemple les aliments durs ou n\u00e9cessitant un effort de mastication (comme les sandwichs ou les viandes tr\u00e8s fermes).<br \/>Optez plut\u00f4t pour des plats tendres ou mix\u00e9s, consomm\u00e9s \u00e0 temp\u00e9rature mod\u00e9r\u00e9e.<\/p><\/div>\n\t\t\t\t<\/div>\n\t\t\t\t\t\t\t\t<\/div>\n\t\t\t\t\t\t<\/div>\n\t\t\t\t\t<\/div>\n\t\t<\/div>\n\t\t\t\t\t<\/div>\n\t\t<\/section>\n\t\t\t\t<section class=\"elementor-section elementor-top-section elementor-element elementor-element-a1c5a1b elementor-section-full_width elementor-section-stretched elementor-section-height-default elementor-section-height-default\" data-id=\"a1c5a1b\" data-element_type=\"section\" data-settings=\"{&quot;stretch_section&quot;:&quot;section-stretched&quot;}\">\n\t\t\t\t\t\t<div class=\"elementor-container elementor-column-gap-default\">\n\t\t\t\t\t<div class=\"elementor-column elementor-col-100 elementor-top-column elementor-element elementor-element-6298a7a9\" data-id=\"6298a7a9\" data-element_type=\"column\">\n\t\t\t<div class=\"elementor-widget-wrap elementor-element-populated\">\n\t\t\t\t\t\t<section class=\"elementor-section elementor-inner-section elementor-element elementor-element-1a249e7c elementor-section-boxed elementor-section-height-default elementor-section-height-default\" data-id=\"1a249e7c\" data-element_type=\"section\">\n\t\t\t\t\t\t<div class=\"elementor-container elementor-column-gap-default\">\n\t\t\t\t\t<div class=\"elementor-column elementor-col-50 elementor-inner-column elementor-element elementor-element-354f95d\" data-id=\"354f95d\" data-element_type=\"column\">\n\t\t\t<div class=\"elementor-widget-wrap elementor-element-populated\">\n\t\t\t\t\t\t<div class=\"elementor-element elementor-element-74c8066 elementor-widget elementor-widget-image\" data-id=\"74c8066\" data-element_type=\"widget\" data-widget_type=\"image.default\">\n\t\t\t\t\t\t\t\t\t\t\t\t\t\t\t<img decoding=\"async\" width=\"819\" height=\"1024\" src=\"https:\/\/julie-isquierdo.com\/wp-content\/uploads\/2026\/01\/Picto-Presentation-819x1024.png\" class=\"attachment-large size-large wp-image-137\" alt=\"\" srcset=\"https:\/\/julie-isquierdo.com\/wp-content\/uploads\/2026\/01\/Picto-Presentation-819x1024.png 819w, https:\/\/julie-isquierdo.com\/wp-content\/uploads\/2026\/01\/Picto-Presentation-240x300.png 240w, https:\/\/julie-isquierdo.com\/wp-content\/uploads\/2026\/01\/Picto-Presentation-768x960.png 768w, https:\/\/julie-isquierdo.com\/wp-content\/uploads\/2026\/01\/Picto-Presentation.png 1080w\" sizes=\"(max-width: 819px) 100vw, 819px\" \/>\t\t\t\t\t\t\t\t\t\t\t\t\t\t\t<\/div>\n\t\t\t\t<div class=\"elementor-element elementor-element-69d1be5 elementor-widget elementor-widget-heading\" data-id=\"69d1be5\" data-element_type=\"widget\" data-widget_type=\"heading.default\">\n\t\t\t\t\t<h4 class=\"elementor-heading-title elementor-size-default\">Consultation<\/h4>\t\t\t\t<\/div>\n\t\t\t\t<div class=\"elementor-element elementor-element-f68ca3d elementor-align-center elementor-widget elementor-widget-button\" data-id=\"f68ca3d\" data-element_type=\"widget\" data-widget_type=\"button.default\">\n\t\t\t\t\t\t\t\t\t\t<a class=\"elementor-button elementor-button-link elementor-size-xs elementor-animation-grow\" href=\"https:\/\/julie-isquierdo.com\/index.php\/consultation\/\">\n\t\t\t\t\t\t<span class=\"elementor-button-content-wrapper\">\n\t\t\t\t\t\t\t\t\t<span class=\"elementor-button-text\">EN SAVOIR +<\/span>\n\t\t\t\t\t<\/span>\n\t\t\t\t\t<\/a>\n\t\t\t\t\t\t\t\t<\/div>\n\t\t\t\t\t<\/div>\n\t\t<\/div>\n\t\t\t\t<div class=\"elementor-column elementor-col-50 elementor-inner-column elementor-element elementor-element-73ddfa09\" data-id=\"73ddfa09\" data-element_type=\"column\">\n\t\t\t<div class=\"elementor-widget-wrap elementor-element-populated\">\n\t\t\t\t\t\t<div class=\"elementor-element elementor-element-715c843a elementor-widget elementor-widget-image\" data-id=\"715c843a\" data-element_type=\"widget\" data-widget_type=\"image.default\">\n\t\t\t\t\t\t\t\t\t\t\t\t\t\t\t<img decoding=\"async\" width=\"819\" height=\"1024\" src=\"https:\/\/julie-isquierdo.com\/wp-content\/uploads\/2026\/01\/Picto-Chirurgie-819x1024.png\" class=\"attachment-large size-large wp-image-135\" alt=\"\" srcset=\"https:\/\/julie-isquierdo.com\/wp-content\/uploads\/2026\/01\/Picto-Chirurgie-819x1024.png 819w, https:\/\/julie-isquierdo.com\/wp-content\/uploads\/2026\/01\/Picto-Chirurgie-240x300.png 240w, https:\/\/julie-isquierdo.com\/wp-content\/uploads\/2026\/01\/Picto-Chirurgie-768x960.png 768w, https:\/\/julie-isquierdo.com\/wp-content\/uploads\/2026\/01\/Picto-Chirurgie.png 1080w\" sizes=\"(max-width: 819px) 100vw, 819px\" \/>\t\t\t\t\t\t\t\t\t\t\t\t\t\t\t<\/div>\n\t\t\t\t<div class=\"elementor-element elementor-element-4a457513 elementor-widget elementor-widget-heading\" data-id=\"4a457513\" data-element_type=\"widget\" data-widget_type=\"heading.default\">\n\t\t\t\t\t<h4 class=\"elementor-heading-title elementor-size-default\">Activit\u00e9 chirurgicale<\/h4>\t\t\t\t<\/div>\n\t\t\t\t<div class=\"elementor-element elementor-element-6ddf61ac elementor-align-center elementor-widget elementor-widget-button\" data-id=\"6ddf61ac\" data-element_type=\"widget\" data-widget_type=\"button.default\">\n\t\t\t\t\t\t\t\t\t\t<a class=\"elementor-button elementor-button-link elementor-size-xs elementor-animation-grow\" href=\"https:\/\/julie-isquierdo.com\/index.php\/activite-chirurgicale\/\">\n\t\t\t\t\t\t<span class=\"elementor-button-content-wrapper\">\n\t\t\t\t\t\t\t\t\t<span class=\"elementor-button-text\">EN SAVOIR +<\/span>\n\t\t\t\t\t<\/span>\n\t\t\t\t\t<\/a>\n\t\t\t\t\t\t\t\t<\/div>\n\t\t\t\t\t<\/div>\n\t\t<\/div>\n\t\t\t\t\t<\/div>\n\t\t<\/section>\n\t\t\t\t\t<\/div>\n\t\t<\/div>\n\t\t\t\t\t<\/div>\n\t\t<\/section>\n\t\t\t\t<section class=\"elementor-section elementor-top-section elementor-element elementor-element-1d8f0c49 elementor-section-full_width elementor-section-stretched elementor-section-height-default elementor-section-height-default\" data-id=\"1d8f0c49\" data-element_type=\"section\" data-settings=\"{&quot;background_background&quot;:&quot;classic&quot;,&quot;stretch_section&quot;:&quot;section-stretched&quot;}\">\n\t\t\t\t\t\t<div class=\"elementor-container elementor-column-gap-no\">\n\t\t\t\t\t<div class=\"elementor-column elementor-col-100 elementor-top-column elementor-element elementor-element-24291fc3\" data-id=\"24291fc3\" data-element_type=\"column\">\n\t\t\t<div class=\"elementor-widget-wrap elementor-element-populated\">\n\t\t\t\t\t\t<div class=\"elementor-element elementor-element-3fbc4bb2 elementor-widget elementor-widget-google_maps\" data-id=\"3fbc4bb2\" data-element_type=\"widget\" data-widget_type=\"google_maps.default\">\n\t\t\t\t\t\t\t<div class=\"elementor-custom-embed\">\n\t\t\t<iframe loading=\"lazy\"\n\t\t\t\t\tsrc=\"https:\/\/maps.google.com\/maps?q=117%20avenue%20de%20Dunkerque%20Lille&#038;t=m&#038;z=18&#038;output=embed&#038;iwloc=near\"\n\t\t\t\t\ttitle=\"117 avenue de Dunkerque Lille\"\n\t\t\t\t\taria-label=\"117 avenue de Dunkerque Lille\"\n\t\t\t><\/iframe>\n\t\t<\/div>\n\t\t\t\t\t\t<\/div>\n\t\t\t\t<section class=\"elementor-section elementor-inner-section elementor-element elementor-element-4e4d50f7 elementor-section-content-middle elementor-section-boxed elementor-section-height-default elementor-section-height-default\" data-id=\"4e4d50f7\" data-element_type=\"section\" data-settings=\"{&quot;background_background&quot;:&quot;classic&quot;}\">\n\t\t\t\t\t\t<div class=\"elementor-container elementor-column-gap-no\">\n\t\t\t\t\t<div class=\"elementor-column elementor-col-100 elementor-inner-column elementor-element elementor-element-28bbb823\" data-id=\"28bbb823\" data-element_type=\"column\">\n\t\t\t<div class=\"elementor-widget-wrap elementor-element-populated\">\n\t\t\t\t\t\t<div class=\"elementor-element elementor-element-6dc6c5f elementor-widget elementor-widget-image\" data-id=\"6dc6c5f\" data-element_type=\"widget\" data-widget_type=\"image.default\">\n\t\t\t\t\t\t\t\t\t\t\t\t\t\t\t\t<a href=\"https:\/\/julie-isquierdo.com\/\">\n\t\t\t\t\t\t\t<img loading=\"lazy\" decoding=\"async\" width=\"1000\" height=\"500\" src=\"https:\/\/julie-isquierdo.com\/wp-content\/uploads\/2026\/01\/Logo-Julie-ISQUIERDO-VF.png\" class=\"attachment-large size-large wp-image-33\" alt=\"\" srcset=\"https:\/\/julie-isquierdo.com\/wp-content\/uploads\/2026\/01\/Logo-Julie-ISQUIERDO-VF.png 1000w, https:\/\/julie-isquierdo.com\/wp-content\/uploads\/2026\/01\/Logo-Julie-ISQUIERDO-VF-300x150.png 300w, https:\/\/julie-isquierdo.com\/wp-content\/uploads\/2026\/01\/Logo-Julie-ISQUIERDO-VF-768x384.png 768w\" sizes=\"(max-width: 1000px) 100vw, 1000px\" \/>\t\t\t\t\t\t\t\t<\/a>\n\t\t\t\t\t\t\t\t\t\t\t\t\t\t\t<\/div>\n\t\t\t\t\t<\/div>\n\t\t<\/div>\n\t\t\t\t\t<\/div>\n\t\t<\/section>\n\t\t\t\t<section class=\"elementor-section elementor-inner-section elementor-element elementor-element-3c3dd7f9 elementor-section-content-middle elementor-section-boxed elementor-section-height-default elementor-section-height-default\" data-id=\"3c3dd7f9\" data-element_type=\"section\" data-settings=\"{&quot;background_background&quot;:&quot;classic&quot;}\">\n\t\t\t\t\t\t<div class=\"elementor-container elementor-column-gap-no\">\n\t\t\t\t\t<div class=\"elementor-column elementor-col-33 elementor-inner-column elementor-element elementor-element-7b45d85e\" data-id=\"7b45d85e\" data-element_type=\"column\">\n\t\t\t<div class=\"elementor-widget-wrap elementor-element-populated\">\n\t\t\t\t\t\t<div class=\"elementor-element elementor-element-1bf142e0 elementor-widget elementor-widget-heading\" data-id=\"1bf142e0\" data-element_type=\"widget\" data-widget_type=\"heading.default\">\n\t\t\t\t\t<h4 class=\"elementor-heading-title elementor-size-default\">ADRESSE<\/h4>\t\t\t\t<\/div>\n\t\t\t\t<div class=\"elementor-element elementor-element-4f1b03f9 elementor-widget elementor-widget-text-editor\" data-id=\"4f1b03f9\" data-element_type=\"widget\" data-widget_type=\"text-editor.default\">\n\t\t\t\t\t\t\t\t\t<p class=\"p1\">117 avenue de Dunkerque, 59000 Lille<br \/><span style=\"font-size: 16px;\">2\u1d49 \u00e9tage<\/span><\/p>\t\t\t\t\t\t\t\t<\/div>\n\t\t\t\t\t<\/div>\n\t\t<\/div>\n\t\t\t\t<div class=\"elementor-column elementor-col-33 elementor-inner-column elementor-element elementor-element-4d76fc50\" data-id=\"4d76fc50\" data-element_type=\"column\">\n\t\t\t<div class=\"elementor-widget-wrap elementor-element-populated\">\n\t\t\t\t\t\t<div class=\"elementor-element elementor-element-eab8809 elementor-widget elementor-widget-heading\" data-id=\"eab8809\" data-element_type=\"widget\" data-widget_type=\"heading.default\">\n\t\t\t\t\t<h4 class=\"elementor-heading-title elementor-size-default\">HORAIRES<\/h4>\t\t\t\t<\/div>\n\t\t\t\t<div class=\"elementor-element elementor-element-62a6440e elementor-widget elementor-widget-text-editor\" data-id=\"62a6440e\" data-element_type=\"widget\" data-widget_type=\"text-editor.default\">\n\t\t\t\t\t\t\t\t\t<p>Lundi au vendredi<br \/><span style=\"font-style: inherit; font-weight: inherit;\">8h &#8211; 18h<br \/><br \/><\/span><\/p>\t\t\t\t\t\t\t\t<\/div>\n\t\t\t\t\t<\/div>\n\t\t<\/div>\n\t\t\t\t<div class=\"elementor-column elementor-col-33 elementor-inner-column elementor-element elementor-element-2616e8d3\" data-id=\"2616e8d3\" data-element_type=\"column\">\n\t\t\t<div class=\"elementor-widget-wrap elementor-element-populated\">\n\t\t\t\t\t\t<div class=\"elementor-element elementor-element-25ce3ce0 elementor-widget elementor-widget-heading\" data-id=\"25ce3ce0\" data-element_type=\"widget\" data-widget_type=\"heading.default\">\n\t\t\t\t\t<h4 class=\"elementor-heading-title elementor-size-default\">contact<\/h4>\t\t\t\t<\/div>\n\t\t\t\t<div class=\"elementor-element elementor-element-7c75caf5 elementor-widget elementor-widget-text-editor\" data-id=\"7c75caf5\" data-element_type=\"widget\" data-widget_type=\"text-editor.default\">\n\t\t\t\t\t\t\t\t\t<p class=\"p1\">03 62 27 62 26<br \/>dr.isquierdo.rhinoplastie<br \/>@gmail.com<\/p>\t\t\t\t\t\t\t\t<\/div>\n\t\t\t\t\t<\/div>\n\t\t<\/div>\n\t\t\t\t\t<\/div>\n\t\t<\/section>\n\t\t\t\t\t<\/div>\n\t\t<\/div>\n\t\t\t\t\t<\/div>\n\t\t<\/section>\n\t\t\t\t<\/div>\n\t\t","protected":false},"excerpt":{"rendered":"<p>Questions fr\u00e9quentes Vous trouverez sur cette page les r\u00e9ponses aux questions les plus fr\u00e9quemment pos\u00e9es au Dr Julie Isquierdo concernant [&hellip;]<\/p>\n","protected":false},"author":1,"featured_media":0,"parent":0,"menu_order":0,"comment_status":"closed","ping_status":"closed","template":"","meta":{"_monsterinsights_skip_tracking":false,"_monsterinsights_sitenote_active":false,"_monsterinsights_sitenote_note":"","_monsterinsights_sitenote_category":0,"site-sidebar-layout":"default","site-content-layout":"","ast-site-content-layout":"default","site-content-style":"default","site-sidebar-style":"default","ast-global-header-display":"","ast-banner-title-visibility":"","ast-main-header-display":"","ast-hfb-above-header-display":"","ast-hfb-below-header-display":"","ast-hfb-mobile-header-display":"","site-post-title":"","ast-breadcrumbs-content":"","ast-featured-img":"","footer-sml-layout":"","ast-disable-related-posts":"","theme-transparent-header-meta":"","adv-header-id-meta":"","stick-header-meta":"","header-above-stick-meta":"","header-main-stick-meta":"","header-below-stick-meta":"","astra-migrate-meta-layouts":"default","ast-page-background-enabled":"default","ast-page-background-meta":{"desktop":{"background-color":"var(--ast-global-color-5)","background-image":"","background-repeat":"repeat","background-position":"center center","background-size":"auto","background-attachment":"scroll","background-type":"","background-media":"","overlay-type":"","overlay-color":"","overlay-opacity":"","overlay-gradient":""},"tablet":{"background-color":"","background-image":"","background-repeat":"repeat","background-position":"center center","background-size":"auto","background-attachment":"scroll","background-type":"","background-media":"","overlay-type":"","overlay-color":"","overlay-opacity":"","overlay-gradient":""},"mobile":{"background-color":"","background-image":"","background-repeat":"repeat","background-position":"center center","background-size":"auto","background-attachment":"scroll","background-type":"","background-media":"","overlay-type":"","overlay-color":"","overlay-opacity":"","overlay-gradient":""}},"ast-content-background-meta":{"desktop":{"background-color":"var(--ast-global-color-4)","background-image":"","background-repeat":"repeat","background-position":"center center","background-size":"auto","background-attachment":"scroll","background-type":"","background-media":"","overlay-type":"","overlay-color":"","overlay-opacity":"","overlay-gradient":""},"tablet":{"background-color":"var(--ast-global-color-4)","background-image":"","background-repeat":"repeat","background-position":"center center","background-size":"auto","background-attachment":"scroll","background-type":"","background-media":"","overlay-type":"","overlay-color":"","overlay-opacity":"","overlay-gradient":""},"mobile":{"background-color":"var(--ast-global-color-4)","background-image":"","background-repeat":"repeat","background-position":"center center","background-size":"auto","background-attachment":"scroll","background-type":"","background-media":"","overlay-type":"","overlay-color":"","overlay-opacity":"","overlay-gradient":""}},"footnotes":""},"class_list":["post-204","page","type-page","status-publish","hentry"],"yoast_head":"<!-- This site is optimized with the Yoast SEO plugin v26.8 - https:\/\/yoast.com\/product\/yoast-seo-wordpress\/ -->\n<title>FAQ ORL &amp; Conseils sant\u00e9 \u2013 Dr Julie Isquierdo \u00e0 Lille<\/title>\n<meta name=\"description\" content=\"Trouvez des r\u00e9ponses aux questions fr\u00e9quentes sur les troubles ORL, diagnostics et traitements par le Dr Julie Isquierdo, ORL \u00e0 Lille.\" \/>\n<meta name=\"robots\" content=\"index, follow, max-snippet:-1, max-image-preview:large, max-video-preview:-1\" \/>\n<link rel=\"canonical\" href=\"https:\/\/julie-isquierdo.com\/index.php\/questions-frequentes\/\" \/>\n<meta property=\"og:locale\" content=\"en_US\" \/>\n<meta property=\"og:type\" content=\"article\" \/>\n<meta property=\"og:title\" content=\"FAQ ORL &amp; Conseils sant\u00e9 \u2013 Dr Julie Isquierdo \u00e0 Lille\" \/>\n<meta property=\"og:description\" content=\"Trouvez des r\u00e9ponses aux questions fr\u00e9quentes sur les troubles ORL, diagnostics et traitements par le Dr Julie Isquierdo, ORL \u00e0 Lille.\" \/>\n<meta property=\"og:url\" content=\"https:\/\/julie-isquierdo.com\/index.php\/questions-frequentes\/\" \/>\n<meta property=\"article:modified_time\" content=\"2026-02-16T13:49:57+00:00\" \/>\n<meta property=\"og:image\" content=\"http:\/\/julie-isquierdo.com\/wp-content\/uploads\/2026\/01\/Isquierdo-1-819x1024.png\" \/>\n<meta name=\"twitter:card\" content=\"summary_large_image\" \/>\n<meta name=\"twitter:label1\" content=\"Est. reading time\" \/>\n\t<meta name=\"twitter:data1\" content=\"7 minutes\" \/>\n<script type=\"application\/ld+json\" class=\"yoast-schema-graph\">{\"@context\":\"https:\/\/schema.org\",\"@graph\":[{\"@type\":\"WebPage\",\"@id\":\"https:\/\/julie-isquierdo.com\/index.php\/questions-frequentes\/\",\"url\":\"https:\/\/julie-isquierdo.com\/index.php\/questions-frequentes\/\",\"name\":\"FAQ ORL & Conseils sant\u00e9 \u2013 Dr Julie Isquierdo \u00e0 Lille\",\"isPartOf\":{\"@id\":\"https:\/\/julie-isquierdo.com\/#website\"},\"primaryImageOfPage\":{\"@id\":\"https:\/\/julie-isquierdo.com\/index.php\/questions-frequentes\/#primaryimage\"},\"image\":{\"@id\":\"https:\/\/julie-isquierdo.com\/index.php\/questions-frequentes\/#primaryimage\"},\"thumbnailUrl\":\"http:\/\/julie-isquierdo.com\/wp-content\/uploads\/2026\/01\/Isquierdo-1-819x1024.png\",\"datePublished\":\"2026-01-18T17:59:05+00:00\",\"dateModified\":\"2026-02-16T13:49:57+00:00\",\"description\":\"Trouvez des r\u00e9ponses aux questions fr\u00e9quentes sur les troubles ORL, diagnostics et traitements par le Dr Julie Isquierdo, ORL \u00e0 Lille.\",\"breadcrumb\":{\"@id\":\"https:\/\/julie-isquierdo.com\/index.php\/questions-frequentes\/#breadcrumb\"},\"inLanguage\":\"en-US\",\"potentialAction\":[{\"@type\":\"ReadAction\",\"target\":[\"https:\/\/julie-isquierdo.com\/index.php\/questions-frequentes\/\"]}]},{\"@type\":\"ImageObject\",\"inLanguage\":\"en-US\",\"@id\":\"https:\/\/julie-isquierdo.com\/index.php\/questions-frequentes\/#primaryimage\",\"url\":\"http:\/\/julie-isquierdo.com\/wp-content\/uploads\/2026\/01\/Isquierdo-1-819x1024.png\",\"contentUrl\":\"http:\/\/julie-isquierdo.com\/wp-content\/uploads\/2026\/01\/Isquierdo-1-819x1024.png\"},{\"@type\":\"BreadcrumbList\",\"@id\":\"https:\/\/julie-isquierdo.com\/index.php\/questions-frequentes\/#breadcrumb\",\"itemListElement\":[{\"@type\":\"ListItem\",\"position\":1,\"name\":\"Home\",\"item\":\"https:\/\/julie-isquierdo.com\/\"},{\"@type\":\"ListItem\",\"position\":2,\"name\":\"Questions fr\u00e9quentes sur la Rhinoplastie\"}]},{\"@type\":\"WebSite\",\"@id\":\"https:\/\/julie-isquierdo.com\/#website\",\"url\":\"https:\/\/julie-isquierdo.com\/\",\"name\":\"\",\"description\":\"Sp\u00e9cialiste en rhinoplastie esth\u00e9tique et fonctionnelle\",\"potentialAction\":[{\"@type\":\"SearchAction\",\"target\":{\"@type\":\"EntryPoint\",\"urlTemplate\":\"https:\/\/julie-isquierdo.com\/?s={search_term_string}\"},\"query-input\":{\"@type\":\"PropertyValueSpecification\",\"valueRequired\":true,\"valueName\":\"search_term_string\"}}],\"inLanguage\":\"en-US\"}]}<\/script>\n<!-- \/ Yoast SEO plugin. -->","yoast_head_json":{"title":"FAQ ORL & Conseils sant\u00e9 \u2013 Dr Julie Isquierdo \u00e0 Lille","description":"Trouvez des r\u00e9ponses aux questions fr\u00e9quentes sur les troubles ORL, diagnostics et traitements par le Dr Julie Isquierdo, ORL \u00e0 Lille.","robots":{"index":"index","follow":"follow","max-snippet":"max-snippet:-1","max-image-preview":"max-image-preview:large","max-video-preview":"max-video-preview:-1"},"canonical":"https:\/\/julie-isquierdo.com\/index.php\/questions-frequentes\/","og_locale":"en_US","og_type":"article","og_title":"FAQ ORL & Conseils sant\u00e9 \u2013 Dr Julie Isquierdo \u00e0 Lille","og_description":"Trouvez des r\u00e9ponses aux questions fr\u00e9quentes sur les troubles ORL, diagnostics et traitements par le Dr Julie Isquierdo, ORL \u00e0 Lille.","og_url":"https:\/\/julie-isquierdo.com\/index.php\/questions-frequentes\/","article_modified_time":"2026-02-16T13:49:57+00:00","og_image":[{"url":"http:\/\/julie-isquierdo.com\/wp-content\/uploads\/2026\/01\/Isquierdo-1-819x1024.png","type":"","width":"","height":""}],"twitter_card":"summary_large_image","twitter_misc":{"Est. reading time":"7 minutes"},"schema":{"@context":"https:\/\/schema.org","@graph":[{"@type":"WebPage","@id":"https:\/\/julie-isquierdo.com\/index.php\/questions-frequentes\/","url":"https:\/\/julie-isquierdo.com\/index.php\/questions-frequentes\/","name":"FAQ ORL & Conseils sant\u00e9 \u2013 Dr Julie Isquierdo \u00e0 Lille","isPartOf":{"@id":"https:\/\/julie-isquierdo.com\/#website"},"primaryImageOfPage":{"@id":"https:\/\/julie-isquierdo.com\/index.php\/questions-frequentes\/#primaryimage"},"image":{"@id":"https:\/\/julie-isquierdo.com\/index.php\/questions-frequentes\/#primaryimage"},"thumbnailUrl":"http:\/\/julie-isquierdo.com\/wp-content\/uploads\/2026\/01\/Isquierdo-1-819x1024.png","datePublished":"2026-01-18T17:59:05+00:00","dateModified":"2026-02-16T13:49:57+00:00","description":"Trouvez des r\u00e9ponses aux questions fr\u00e9quentes sur les troubles ORL, diagnostics et traitements par le Dr Julie Isquierdo, ORL \u00e0 Lille.","breadcrumb":{"@id":"https:\/\/julie-isquierdo.com\/index.php\/questions-frequentes\/#breadcrumb"},"inLanguage":"en-US","potentialAction":[{"@type":"ReadAction","target":["https:\/\/julie-isquierdo.com\/index.php\/questions-frequentes\/"]}]},{"@type":"ImageObject","inLanguage":"en-US","@id":"https:\/\/julie-isquierdo.com\/index.php\/questions-frequentes\/#primaryimage","url":"http:\/\/julie-isquierdo.com\/wp-content\/uploads\/2026\/01\/Isquierdo-1-819x1024.png","contentUrl":"http:\/\/julie-isquierdo.com\/wp-content\/uploads\/2026\/01\/Isquierdo-1-819x1024.png"},{"@type":"BreadcrumbList","@id":"https:\/\/julie-isquierdo.com\/index.php\/questions-frequentes\/#breadcrumb","itemListElement":[{"@type":"ListItem","position":1,"name":"Home","item":"https:\/\/julie-isquierdo.com\/"},{"@type":"ListItem","position":2,"name":"Questions fr\u00e9quentes sur la Rhinoplastie"}]},{"@type":"WebSite","@id":"https:\/\/julie-isquierdo.com\/#website","url":"https:\/\/julie-isquierdo.com\/","name":"","description":"Sp\u00e9cialiste en rhinoplastie esth\u00e9tique et fonctionnelle","potentialAction":[{"@type":"SearchAction","target":{"@type":"EntryPoint","urlTemplate":"https:\/\/julie-isquierdo.com\/?s={search_term_string}"},"query-input":{"@type":"PropertyValueSpecification","valueRequired":true,"valueName":"search_term_string"}}],"inLanguage":"en-US"}]}},"_links":{"self":[{"href":"https:\/\/julie-isquierdo.com\/index.php\/wp-json\/wp\/v2\/pages\/204","targetHints":{"allow":["GET"]}}],"collection":[{"href":"https:\/\/julie-isquierdo.com\/index.php\/wp-json\/wp\/v2\/pages"}],"about":[{"href":"https:\/\/julie-isquierdo.com\/index.php\/wp-json\/wp\/v2\/types\/page"}],"author":[{"embeddable":true,"href":"https:\/\/julie-isquierdo.com\/index.php\/wp-json\/wp\/v2\/users\/1"}],"replies":[{"embeddable":true,"href":"https:\/\/julie-isquierdo.com\/index.php\/wp-json\/wp\/v2\/comments?post=204"}],"version-history":[{"count":60,"href":"https:\/\/julie-isquierdo.com\/index.php\/wp-json\/wp\/v2\/pages\/204\/revisions"}],"predecessor-version":[{"id":426,"href":"https:\/\/julie-isquierdo.com\/index.php\/wp-json\/wp\/v2\/pages\/204\/revisions\/426"}],"wp:attachment":[{"href":"https:\/\/julie-isquierdo.com\/index.php\/wp-json\/wp\/v2\/media?parent=204"}],"curies":[{"name":"wp","href":"https:\/\/api.w.org\/{rel}","templated":true}]}}