{"id":26,"date":"2026-01-03T14:24:56","date_gmt":"2026-01-03T14:24:56","guid":{"rendered":"https:\/\/julie-isquierdo.com\/?page_id=26"},"modified":"2026-02-16T14:04:39","modified_gmt":"2026-02-16T14:04:39","slug":"accueil","status":"publish","type":"page","link":"https:\/\/julie-isquierdo.com\/","title":{"rendered":"Sp\u00e9cialiste en rhinoplastie \u00e0 Lille &#8211; Dr Julie Isquierdo"},"content":{"rendered":"\t\t<div data-elementor-type=\"wp-page\" data-elementor-id=\"26\" class=\"elementor elementor-26\">\n\t\t\t\t\t\t<section class=\"elementor-section elementor-top-section elementor-element elementor-element-392fc2ed elementor-section-full_width elementor-section-stretched elementor-section-height-default elementor-section-height-default\" data-id=\"392fc2ed\" data-element_type=\"section\" data-settings=\"{&quot;stretch_section&quot;:&quot;section-stretched&quot;,&quot;background_background&quot;:&quot;classic&quot;}\">\n\t\t\t\t\t\t\t<div class=\"elementor-background-overlay\"><\/div>\n\t\t\t\t\t\t\t<div class=\"elementor-container elementor-column-gap-default\">\n\t\t\t\t\t<div class=\"elementor-column elementor-col-100 elementor-top-column elementor-element elementor-element-4428000b\" data-id=\"4428000b\" data-element_type=\"column\">\n\t\t\t<div class=\"elementor-widget-wrap elementor-element-populated\">\n\t\t\t\t\t\t<section class=\"elementor-section elementor-inner-section elementor-element elementor-element-5c86ba61 elementor-section-boxed elementor-section-height-default elementor-section-height-default\" data-id=\"5c86ba61\" data-element_type=\"section\" data-settings=\"{&quot;background_background&quot;:&quot;classic&quot;}\">\n\t\t\t\t\t\t<div class=\"elementor-container elementor-column-gap-default\">\n\t\t\t\t\t<div class=\"elementor-column elementor-col-100 elementor-inner-column elementor-element elementor-element-3c932970\" data-id=\"3c932970\" data-element_type=\"column\">\n\t\t\t<div class=\"elementor-widget-wrap elementor-element-populated\">\n\t\t\t\t\t\t<div class=\"elementor-element elementor-element-2fa63060 elementor-widget elementor-widget-heading\" data-id=\"2fa63060\" data-element_type=\"widget\" data-widget_type=\"heading.default\">\n\t\t\t\t\t<h1 class=\"elementor-heading-title elementor-size-default\">Dr Julie ISQUIERDO<\/h1>\t\t\t\t<\/div>\n\t\t\t\t<div class=\"elementor-element elementor-element-f17b9ea elementor-widget elementor-widget-heading\" data-id=\"f17b9ea\" data-element_type=\"widget\" data-widget_type=\"heading.default\">\n\t\t\t\t\t<h1 class=\"elementor-heading-title elementor-size-default\">Oto-Rhino-Laryngologiste<br>\nSp\u00e9cialiste en rhinoplastie esth\u00e9tique et fonctionnelle \u00e0 Lille<\/h1>\t\t\t\t<\/div>\n\t\t\t\t<div class=\"elementor-element elementor-element-0bf67dd elementor-hidden-tablet elementor-hidden-mobile elementor-widget elementor-widget-spacer\" data-id=\"0bf67dd\" data-element_type=\"widget\" data-widget_type=\"spacer.default\">\n\t\t\t\t\t\t\t<div class=\"elementor-spacer\">\n\t\t\t<div class=\"elementor-spacer-inner\"><\/div>\n\t\t<\/div>\n\t\t\t\t\t\t<\/div>\n\t\t\t\t<div class=\"elementor-element elementor-element-107078c3 elementor-align-left elementor-widget elementor-widget-button\" data-id=\"107078c3\" data-element_type=\"widget\" data-widget_type=\"button.default\">\n\t\t\t\t\t\t\t\t\t\t<a class=\"elementor-button elementor-button-link elementor-size-xl elementor-animation-grow\" href=\"https:\/\/julie-isquierdo.com\/index.php\/contact\/\">\n\t\t\t\t\t\t<span class=\"elementor-button-content-wrapper\">\n\t\t\t\t\t\t\t\t\t<span class=\"elementor-button-text\">CONTACTEZ-MOI !<\/span>\n\t\t\t\t\t<\/span>\n\t\t\t\t\t<\/a>\n\t\t\t\t\t\t\t\t<\/div>\n\t\t\t\t\t<\/div>\n\t\t<\/div>\n\t\t\t\t\t<\/div>\n\t\t<\/section>\n\t\t\t\t\t<\/div>\n\t\t<\/div>\n\t\t\t\t\t<\/div>\n\t\t<\/section>\n\t\t\t\t<section class=\"elementor-section elementor-top-section elementor-element elementor-element-5dc43a1c elementor-section-content-middle elementor-section-boxed elementor-section-height-default elementor-section-height-default\" data-id=\"5dc43a1c\" data-element_type=\"section\">\n\t\t\t\t\t\t<div class=\"elementor-container elementor-column-gap-no\">\n\t\t\t\t\t<div class=\"elementor-column elementor-col-50 elementor-top-column elementor-element elementor-element-4df3f66b\" data-id=\"4df3f66b\" data-element_type=\"column\">\n\t\t\t<div class=\"elementor-widget-wrap elementor-element-populated\">\n\t\t\t\t\t\t<div class=\"elementor-element elementor-element-60970b9c elementor-invisible elementor-widget elementor-widget-image\" data-id=\"60970b9c\" data-element_type=\"widget\" data-settings=\"{&quot;_animation&quot;:&quot;slideInLeft&quot;}\" data-widget_type=\"image.default\">\n\t\t\t\t\t\t\t\t\t\t\t\t\t\t\t<img fetchpriority=\"high\" decoding=\"async\" width=\"819\" height=\"1024\" src=\"https:\/\/julie-isquierdo.com\/wp-content\/uploads\/2026\/01\/Isquierdo-2-819x1024.png\" class=\"attachment-large size-large wp-image-93\" alt=\"\" srcset=\"https:\/\/julie-isquierdo.com\/wp-content\/uploads\/2026\/01\/Isquierdo-2-819x1024.png 819w, https:\/\/julie-isquierdo.com\/wp-content\/uploads\/2026\/01\/Isquierdo-2-240x300.png 240w, https:\/\/julie-isquierdo.com\/wp-content\/uploads\/2026\/01\/Isquierdo-2-768x960.png 768w, https:\/\/julie-isquierdo.com\/wp-content\/uploads\/2026\/01\/Isquierdo-2.png 1080w\" sizes=\"(max-width: 819px) 100vw, 819px\" \/>\t\t\t\t\t\t\t\t\t\t\t\t\t\t\t<\/div>\n\t\t\t\t\t<\/div>\n\t\t<\/div>\n\t\t\t\t<div class=\"elementor-column elementor-col-50 elementor-top-column elementor-element elementor-element-31f979cd\" data-id=\"31f979cd\" data-element_type=\"column\">\n\t\t\t<div class=\"elementor-widget-wrap elementor-element-populated\">\n\t\t\t\t\t\t<div class=\"elementor-element elementor-element-5022111f elementor-widget elementor-widget-text-editor\" data-id=\"5022111f\" data-element_type=\"widget\" data-widget_type=\"text-editor.default\">\n\t\t\t\t\t\t\t\t\t<p>Bienvenu sur le site du <strong>Dr Julie Isquierdo, m\u00e9decin oto-rhino-laryngologiste (ORL)<\/strong>, sp\u00e9cialis\u00e9e dans la<br \/>chirurgie du nez, tant sur le plan esth\u00e9tique que fonctionnel.<\/p><p>Passionn\u00e9e par l\u2019harmonie du visage et le bien-\u00eatre respiratoire, le Dr Isquierdo mets son expertise<br \/>au service de chaque patient pour proposer <strong>une prise en charge personnalis\u00e9e.<\/strong><\/p><p>D\u00e9couvrez sur ce site son parcours, sa philosophie de soin, ainsi que les diff\u00e9rentes interventions<br \/>pratiqu\u00e9es <strong>en chirurgie ORL et rhinoplastie.<\/strong><\/p>\t\t\t\t\t\t\t\t<\/div>\n\t\t\t\t\t<\/div>\n\t\t<\/div>\n\t\t\t\t\t<\/div>\n\t\t<\/section>\n\t\t\t\t<section class=\"elementor-section elementor-top-section elementor-element elementor-element-a1c5a1b elementor-section-full_width elementor-section-stretched elementor-section-height-default elementor-section-height-default\" data-id=\"a1c5a1b\" data-element_type=\"section\" data-settings=\"{&quot;stretch_section&quot;:&quot;section-stretched&quot;}\">\n\t\t\t\t\t\t<div class=\"elementor-container elementor-column-gap-default\">\n\t\t\t\t\t<div class=\"elementor-column elementor-col-100 elementor-top-column elementor-element elementor-element-6298a7a9\" data-id=\"6298a7a9\" data-element_type=\"column\">\n\t\t\t<div class=\"elementor-widget-wrap elementor-element-populated\">\n\t\t\t\t\t\t<section class=\"elementor-section elementor-inner-section elementor-element elementor-element-1a249e7c elementor-section-boxed elementor-section-height-default elementor-section-height-default\" data-id=\"1a249e7c\" data-element_type=\"section\">\n\t\t\t\t\t\t<div class=\"elementor-container elementor-column-gap-default\">\n\t\t\t\t\t<div class=\"elementor-column elementor-col-33 elementor-inner-column elementor-element elementor-element-1a1a4682\" data-id=\"1a1a4682\" data-element_type=\"column\">\n\t\t\t<div class=\"elementor-widget-wrap elementor-element-populated\">\n\t\t\t\t\t\t<div class=\"elementor-element elementor-element-2377913d elementor-widget elementor-widget-image\" data-id=\"2377913d\" data-element_type=\"widget\" data-widget_type=\"image.default\">\n\t\t\t\t\t\t\t\t\t\t\t\t\t\t\t<img decoding=\"async\" width=\"819\" height=\"1024\" src=\"https:\/\/julie-isquierdo.com\/wp-content\/uploads\/2026\/01\/Picto-Presentation-819x1024.png\" class=\"attachment-large size-large wp-image-137\" alt=\"\" srcset=\"https:\/\/julie-isquierdo.com\/wp-content\/uploads\/2026\/01\/Picto-Presentation-819x1024.png 819w, https:\/\/julie-isquierdo.com\/wp-content\/uploads\/2026\/01\/Picto-Presentation-240x300.png 240w, https:\/\/julie-isquierdo.com\/wp-content\/uploads\/2026\/01\/Picto-Presentation-768x960.png 768w, https:\/\/julie-isquierdo.com\/wp-content\/uploads\/2026\/01\/Picto-Presentation.png 1080w\" sizes=\"(max-width: 819px) 100vw, 819px\" \/>\t\t\t\t\t\t\t\t\t\t\t\t\t\t\t<\/div>\n\t\t\t\t<div class=\"elementor-element elementor-element-6001475a elementor-widget elementor-widget-heading\" data-id=\"6001475a\" data-element_type=\"widget\" data-widget_type=\"heading.default\">\n\t\t\t\t\t<h4 class=\"elementor-heading-title elementor-size-default\">Consultation<\/h4>\t\t\t\t<\/div>\n\t\t\t\t<div class=\"elementor-element elementor-element-748f0ae4 elementor-align-center elementor-widget elementor-widget-button\" data-id=\"748f0ae4\" data-element_type=\"widget\" data-widget_type=\"button.default\">\n\t\t\t\t\t\t\t\t\t\t<a class=\"elementor-button elementor-button-link elementor-size-xs elementor-animation-grow\" href=\"https:\/\/julie-isquierdo.com\/index.php\/consultation\/\">\n\t\t\t\t\t\t<span class=\"elementor-button-content-wrapper\">\n\t\t\t\t\t\t\t\t\t<span class=\"elementor-button-text\">EN SAVOIR +<\/span>\n\t\t\t\t\t<\/span>\n\t\t\t\t\t<\/a>\n\t\t\t\t\t\t\t\t<\/div>\n\t\t\t\t\t<\/div>\n\t\t<\/div>\n\t\t\t\t<div class=\"elementor-column elementor-col-33 elementor-inner-column elementor-element elementor-element-73ddfa09\" data-id=\"73ddfa09\" data-element_type=\"column\">\n\t\t\t<div class=\"elementor-widget-wrap elementor-element-populated\">\n\t\t\t\t\t\t<div class=\"elementor-element elementor-element-715c843a elementor-widget elementor-widget-image\" data-id=\"715c843a\" data-element_type=\"widget\" data-widget_type=\"image.default\">\n\t\t\t\t\t\t\t\t\t\t\t\t\t\t\t<img decoding=\"async\" width=\"819\" height=\"1024\" src=\"https:\/\/julie-isquierdo.com\/wp-content\/uploads\/2026\/01\/Picto-Chirurgie-819x1024.png\" class=\"attachment-large size-large wp-image-135\" alt=\"\" srcset=\"https:\/\/julie-isquierdo.com\/wp-content\/uploads\/2026\/01\/Picto-Chirurgie-819x1024.png 819w, https:\/\/julie-isquierdo.com\/wp-content\/uploads\/2026\/01\/Picto-Chirurgie-240x300.png 240w, https:\/\/julie-isquierdo.com\/wp-content\/uploads\/2026\/01\/Picto-Chirurgie-768x960.png 768w, https:\/\/julie-isquierdo.com\/wp-content\/uploads\/2026\/01\/Picto-Chirurgie.png 1080w\" sizes=\"(max-width: 819px) 100vw, 819px\" \/>\t\t\t\t\t\t\t\t\t\t\t\t\t\t\t<\/div>\n\t\t\t\t<div class=\"elementor-element elementor-element-4a457513 elementor-widget elementor-widget-heading\" data-id=\"4a457513\" data-element_type=\"widget\" data-widget_type=\"heading.default\">\n\t\t\t\t\t<h4 class=\"elementor-heading-title elementor-size-default\">Activit\u00e9 chirurgicale<\/h4>\t\t\t\t<\/div>\n\t\t\t\t<div class=\"elementor-element elementor-element-6ddf61ac elementor-align-center elementor-widget elementor-widget-button\" data-id=\"6ddf61ac\" data-element_type=\"widget\" data-widget_type=\"button.default\">\n\t\t\t\t\t\t\t\t\t\t<a class=\"elementor-button elementor-button-link elementor-size-xs elementor-animation-grow\" href=\"https:\/\/julie-isquierdo.com\/index.php\/activite-chirurgicale\/\">\n\t\t\t\t\t\t<span class=\"elementor-button-content-wrapper\">\n\t\t\t\t\t\t\t\t\t<span class=\"elementor-button-text\">EN SAVOIR +<\/span>\n\t\t\t\t\t<\/span>\n\t\t\t\t\t<\/a>\n\t\t\t\t\t\t\t\t<\/div>\n\t\t\t\t\t<\/div>\n\t\t<\/div>\n\t\t\t\t<div class=\"elementor-column elementor-col-33 elementor-inner-column elementor-element elementor-element-37b5c7a4\" data-id=\"37b5c7a4\" data-element_type=\"column\">\n\t\t\t<div class=\"elementor-widget-wrap elementor-element-populated\">\n\t\t\t\t\t\t<div class=\"elementor-element elementor-element-353e6cf2 elementor-widget elementor-widget-image\" data-id=\"353e6cf2\" data-element_type=\"widget\" data-widget_type=\"image.default\">\n\t\t\t\t\t\t\t\t\t\t\t\t\t\t\t<img loading=\"lazy\" decoding=\"async\" width=\"819\" height=\"1024\" src=\"https:\/\/julie-isquierdo.com\/wp-content\/uploads\/2026\/01\/Picto-FAQ-819x1024.png\" class=\"attachment-large size-large wp-image-136\" alt=\"\" srcset=\"https:\/\/julie-isquierdo.com\/wp-content\/uploads\/2026\/01\/Picto-FAQ-819x1024.png 819w, https:\/\/julie-isquierdo.com\/wp-content\/uploads\/2026\/01\/Picto-FAQ-240x300.png 240w, https:\/\/julie-isquierdo.com\/wp-content\/uploads\/2026\/01\/Picto-FAQ-768x960.png 768w, https:\/\/julie-isquierdo.com\/wp-content\/uploads\/2026\/01\/Picto-FAQ.png 1080w\" sizes=\"(max-width: 819px) 100vw, 819px\" \/>\t\t\t\t\t\t\t\t\t\t\t\t\t\t\t<\/div>\n\t\t\t\t<div class=\"elementor-element elementor-element-43564f4f elementor-widget elementor-widget-heading\" data-id=\"43564f4f\" data-element_type=\"widget\" data-widget_type=\"heading.default\">\n\t\t\t\t\t<h4 class=\"elementor-heading-title elementor-size-default\">Questions fr\u00e9quentes<\/h4>\t\t\t\t<\/div>\n\t\t\t\t<div class=\"elementor-element elementor-element-66e47a62 elementor-align-center elementor-widget elementor-widget-button\" data-id=\"66e47a62\" data-element_type=\"widget\" data-widget_type=\"button.default\">\n\t\t\t\t\t\t\t\t\t\t<a class=\"elementor-button elementor-button-link elementor-size-xs elementor-animation-grow\" href=\"https:\/\/julie-isquierdo.com\/index.php\/questions-frequentes\/\">\n\t\t\t\t\t\t<span class=\"elementor-button-content-wrapper\">\n\t\t\t\t\t\t\t\t\t<span class=\"elementor-button-text\">EN SAVOIR +<\/span>\n\t\t\t\t\t<\/span>\n\t\t\t\t\t<\/a>\n\t\t\t\t\t\t\t\t<\/div>\n\t\t\t\t\t<\/div>\n\t\t<\/div>\n\t\t\t\t\t<\/div>\n\t\t<\/section>\n\t\t\t\t\t<\/div>\n\t\t<\/div>\n\t\t\t\t\t<\/div>\n\t\t<\/section>\n\t\t\t\t<section class=\"elementor-section elementor-top-section elementor-element elementor-element-53b2da7 elementor-section-full_width elementor-section-stretched elementor-section-height-default elementor-section-height-default\" data-id=\"53b2da7\" data-element_type=\"section\" data-settings=\"{&quot;stretch_section&quot;:&quot;section-stretched&quot;}\">\n\t\t\t\t\t\t<div class=\"elementor-container elementor-column-gap-default\">\n\t\t\t\t\t<div class=\"elementor-column elementor-col-100 elementor-top-column elementor-element elementor-element-9dc0a1b\" data-id=\"9dc0a1b\" data-element_type=\"column\">\n\t\t\t<div class=\"elementor-widget-wrap elementor-element-populated\">\n\t\t\t\t\t\t<section class=\"elementor-section elementor-inner-section elementor-element elementor-element-27d27b3 elementor-section-boxed elementor-section-height-default elementor-section-height-default\" data-id=\"27d27b3\" data-element_type=\"section\">\n\t\t\t\t\t\t<div class=\"elementor-container elementor-column-gap-default\">\n\t\t\t\t\t<div class=\"elementor-column elementor-col-100 elementor-inner-column elementor-element elementor-element-526995c\" data-id=\"526995c\" data-element_type=\"column\">\n\t\t\t<div class=\"elementor-widget-wrap elementor-element-populated\">\n\t\t\t\t\t\t<div class=\"elementor-element elementor-element-56875e4 elementor-widget elementor-widget-shortcode\" data-id=\"56875e4\" data-element_type=\"widget\" data-widget_type=\"shortcode.default\">\n\t\t\t\t\t\t\t<div class=\"elementor-shortcode\"><div id=\"trustindex-feed-container-instagram-6469f2f4d2d44a4\"><\/div> <\/div>\n\t\t\t\t\t\t<\/div>\n\t\t\t\t\t<\/div>\n\t\t<\/div>\n\t\t\t\t\t<\/div>\n\t\t<\/section>\n\t\t\t\t\t<\/div>\n\t\t<\/div>\n\t\t\t\t\t<\/div>\n\t\t<\/section>\n\t\t\t\t<section class=\"elementor-section elementor-top-section elementor-element elementor-element-1d8f0c49 elementor-section-full_width elementor-section-stretched elementor-section-height-default elementor-section-height-default\" data-id=\"1d8f0c49\" data-element_type=\"section\" data-settings=\"{&quot;background_background&quot;:&quot;classic&quot;,&quot;stretch_section&quot;:&quot;section-stretched&quot;}\">\n\t\t\t\t\t\t<div class=\"elementor-container elementor-column-gap-no\">\n\t\t\t\t\t<div class=\"elementor-column elementor-col-100 elementor-top-column elementor-element elementor-element-24291fc3\" data-id=\"24291fc3\" data-element_type=\"column\">\n\t\t\t<div class=\"elementor-widget-wrap elementor-element-populated\">\n\t\t\t\t\t\t<div class=\"elementor-element elementor-element-3fbc4bb2 elementor-widget elementor-widget-google_maps\" data-id=\"3fbc4bb2\" data-element_type=\"widget\" data-widget_type=\"google_maps.default\">\n\t\t\t\t\t\t\t<div class=\"elementor-custom-embed\">\n\t\t\t<iframe loading=\"lazy\"\n\t\t\t\t\tsrc=\"https:\/\/maps.google.com\/maps?q=117%20avenue%20de%20Dunkerque%20Lille&#038;t=m&#038;z=18&#038;output=embed&#038;iwloc=near\"\n\t\t\t\t\ttitle=\"117 avenue de Dunkerque Lille\"\n\t\t\t\t\taria-label=\"117 avenue de Dunkerque Lille\"\n\t\t\t><\/iframe>\n\t\t<\/div>\n\t\t\t\t\t\t<\/div>\n\t\t\t\t<section class=\"elementor-section elementor-inner-section elementor-element elementor-element-4e4d50f7 elementor-section-content-middle elementor-section-boxed elementor-section-height-default elementor-section-height-default\" data-id=\"4e4d50f7\" data-element_type=\"section\" data-settings=\"{&quot;background_background&quot;:&quot;classic&quot;}\">\n\t\t\t\t\t\t<div class=\"elementor-container elementor-column-gap-no\">\n\t\t\t\t\t<div class=\"elementor-column elementor-col-100 elementor-inner-column elementor-element elementor-element-28bbb823\" data-id=\"28bbb823\" data-element_type=\"column\">\n\t\t\t<div class=\"elementor-widget-wrap elementor-element-populated\">\n\t\t\t\t\t\t<div class=\"elementor-element elementor-element-6dc6c5f elementor-widget elementor-widget-image\" data-id=\"6dc6c5f\" data-element_type=\"widget\" data-widget_type=\"image.default\">\n\t\t\t\t\t\t\t\t\t\t\t\t\t\t\t\t<a href=\"https:\/\/julie-isquierdo.com\/\">\n\t\t\t\t\t\t\t<img loading=\"lazy\" decoding=\"async\" width=\"1000\" height=\"500\" src=\"https:\/\/julie-isquierdo.com\/wp-content\/uploads\/2026\/01\/Logo-Julie-ISQUIERDO-VF.png\" class=\"attachment-large size-large wp-image-33\" alt=\"\" srcset=\"https:\/\/julie-isquierdo.com\/wp-content\/uploads\/2026\/01\/Logo-Julie-ISQUIERDO-VF.png 1000w, https:\/\/julie-isquierdo.com\/wp-content\/uploads\/2026\/01\/Logo-Julie-ISQUIERDO-VF-300x150.png 300w, https:\/\/julie-isquierdo.com\/wp-content\/uploads\/2026\/01\/Logo-Julie-ISQUIERDO-VF-768x384.png 768w\" sizes=\"(max-width: 1000px) 100vw, 1000px\" \/>\t\t\t\t\t\t\t\t<\/a>\n\t\t\t\t\t\t\t\t\t\t\t\t\t\t\t<\/div>\n\t\t\t\t\t<\/div>\n\t\t<\/div>\n\t\t\t\t\t<\/div>\n\t\t<\/section>\n\t\t\t\t<section class=\"elementor-section elementor-inner-section elementor-element elementor-element-3c3dd7f9 elementor-section-content-middle elementor-section-boxed elementor-section-height-default elementor-section-height-default\" data-id=\"3c3dd7f9\" data-element_type=\"section\" data-settings=\"{&quot;background_background&quot;:&quot;classic&quot;}\">\n\t\t\t\t\t\t<div class=\"elementor-container elementor-column-gap-no\">\n\t\t\t\t\t<div class=\"elementor-column elementor-col-33 elementor-inner-column elementor-element elementor-element-7b45d85e\" data-id=\"7b45d85e\" data-element_type=\"column\">\n\t\t\t<div class=\"elementor-widget-wrap elementor-element-populated\">\n\t\t\t\t\t\t<div class=\"elementor-element elementor-element-1bf142e0 elementor-widget elementor-widget-heading\" data-id=\"1bf142e0\" data-element_type=\"widget\" data-widget_type=\"heading.default\">\n\t\t\t\t\t<h4 class=\"elementor-heading-title elementor-size-default\">ADRESSE<\/h4>\t\t\t\t<\/div>\n\t\t\t\t<div class=\"elementor-element elementor-element-4f1b03f9 elementor-widget elementor-widget-text-editor\" data-id=\"4f1b03f9\" data-element_type=\"widget\" data-widget_type=\"text-editor.default\">\n\t\t\t\t\t\t\t\t\t<p class=\"p1\">117 avenue de Dunkerque, 59000 Lille<br \/><span style=\"font-size: 16px;\">2\u1d49 \u00e9tage<\/span><\/p>\t\t\t\t\t\t\t\t<\/div>\n\t\t\t\t\t<\/div>\n\t\t<\/div>\n\t\t\t\t<div class=\"elementor-column elementor-col-33 elementor-inner-column elementor-element elementor-element-4d76fc50\" data-id=\"4d76fc50\" data-element_type=\"column\">\n\t\t\t<div class=\"elementor-widget-wrap elementor-element-populated\">\n\t\t\t\t\t\t<div class=\"elementor-element elementor-element-eab8809 elementor-widget elementor-widget-heading\" data-id=\"eab8809\" data-element_type=\"widget\" data-widget_type=\"heading.default\">\n\t\t\t\t\t<h4 class=\"elementor-heading-title elementor-size-default\">HORAIRES<\/h4>\t\t\t\t<\/div>\n\t\t\t\t<div class=\"elementor-element elementor-element-62a6440e elementor-widget elementor-widget-text-editor\" data-id=\"62a6440e\" data-element_type=\"widget\" data-widget_type=\"text-editor.default\">\n\t\t\t\t\t\t\t\t\t<p>Lundi au vendredi<br \/><span style=\"font-style: inherit; font-weight: inherit;\">8h &#8211; 18h<br \/><br \/><\/span><\/p>\t\t\t\t\t\t\t\t<\/div>\n\t\t\t\t\t<\/div>\n\t\t<\/div>\n\t\t\t\t<div class=\"elementor-column elementor-col-33 elementor-inner-column elementor-element elementor-element-2616e8d3\" data-id=\"2616e8d3\" data-element_type=\"column\">\n\t\t\t<div class=\"elementor-widget-wrap elementor-element-populated\">\n\t\t\t\t\t\t<div class=\"elementor-element elementor-element-25ce3ce0 elementor-widget elementor-widget-heading\" data-id=\"25ce3ce0\" data-element_type=\"widget\" data-widget_type=\"heading.default\">\n\t\t\t\t\t<h4 class=\"elementor-heading-title elementor-size-default\">contact<\/h4>\t\t\t\t<\/div>\n\t\t\t\t<div class=\"elementor-element elementor-element-7c75caf5 elementor-widget elementor-widget-text-editor\" data-id=\"7c75caf5\" data-element_type=\"widget\" data-widget_type=\"text-editor.default\">\n\t\t\t\t\t\t\t\t\t<p class=\"p1\">03 62 27 62 26<br \/>dr.isquierdo.rhinoplastie<br \/>@gmail.com<\/p>\t\t\t\t\t\t\t\t<\/div>\n\t\t\t\t\t<\/div>\n\t\t<\/div>\n\t\t\t\t\t<\/div>\n\t\t<\/section>\n\t\t\t\t\t<\/div>\n\t\t<\/div>\n\t\t\t\t\t<\/div>\n\t\t<\/section>\n\t\t\t\t<\/div>\n\t\t","protected":false},"excerpt":{"rendered":"<p>Dr Julie ISQUIERDO Oto-Rhino-Laryngologiste Sp\u00e9cialiste en rhinoplastie esth\u00e9tique et fonctionnelle \u00e0 Lille CONTACTEZ-MOI ! Bienvenu sur le site du Dr [&hellip;]<\/p>\n","protected":false},"author":1,"featured_media":0,"parent":0,"menu_order":0,"comment_status":"closed","ping_status":"closed","template":"","meta":{"_monsterinsights_skip_tracking":false,"_monsterinsights_sitenote_active":false,"_monsterinsights_sitenote_note":"","_monsterinsights_sitenote_category":0,"site-sidebar-layout":"default","site-content-layout":"","ast-site-content-layout":"default","site-content-style":"default","site-sidebar-style":"default","ast-global-header-display":"","ast-banner-title-visibility":"","ast-main-header-display":"","ast-hfb-above-header-display":"","ast-hfb-below-header-display":"","ast-hfb-mobile-header-display":"","site-post-title":"","ast-breadcrumbs-content":"","ast-featured-img":"","footer-sml-layout":"","ast-disable-related-posts":"","theme-transparent-header-meta":"","adv-header-id-meta":"","stick-header-meta":"","header-above-stick-meta":"","header-main-stick-meta":"","header-below-stick-meta":"","astra-migrate-meta-layouts":"default","ast-page-background-enabled":"default","ast-page-background-meta":{"desktop":{"background-color":"var(--ast-global-color-5)","background-image":"","background-repeat":"repeat","background-position":"center center","background-size":"auto","background-attachment":"scroll","background-type":"","background-media":"","overlay-type":"","overlay-color":"","overlay-opacity":"","overlay-gradient":""},"tablet":{"background-color":"","background-image":"","background-repeat":"repeat","background-position":"center center","background-size":"auto","background-attachment":"scroll","background-type":"","background-media":"","overlay-type":"","overlay-color":"","overlay-opacity":"","overlay-gradient":""},"mobile":{"background-color":"","background-image":"","background-repeat":"repeat","background-position":"center center","background-size":"auto","background-attachment":"scroll","background-type":"","background-media":"","overlay-type":"","overlay-color":"","overlay-opacity":"","overlay-gradient":""}},"ast-content-background-meta":{"desktop":{"background-color":"var(--ast-global-color-4)","background-image":"","background-repeat":"repeat","background-position":"center center","background-size":"auto","background-attachment":"scroll","background-type":"","background-media":"","overlay-type":"","overlay-color":"","overlay-opacity":"","overlay-gradient":""},"tablet":{"background-color":"var(--ast-global-color-4)","background-image":"","background-repeat":"repeat","background-position":"center center","background-size":"auto","background-attachment":"scroll","background-type":"","background-media":"","overlay-type":"","overlay-color":"","overlay-opacity":"","overlay-gradient":""},"mobile":{"background-color":"var(--ast-global-color-4)","background-image":"","background-repeat":"repeat","background-position":"center center","background-size":"auto","background-attachment":"scroll","background-type":"","background-media":"","overlay-type":"","overlay-color":"","overlay-opacity":"","overlay-gradient":""}},"footnotes":""},"class_list":["post-26","page","type-page","status-publish","hentry"],"yoast_head":"<!-- This site is optimized with the Yoast SEO plugin v26.8 - https:\/\/yoast.com\/product\/yoast-seo-wordpress\/ -->\n<title>Rhinoplastie \u00e0 Lille | Dr Julie Isquierdo<\/title>\n<meta name=\"description\" content=\"Sp\u00e9cialiste exclusive en rhinoplastie \u00e0 Lille, le Dr Julie Isquierdo propose une chirurgie du nez esth\u00e9tique et fonctionnelle avec une approche naturelle et personnalis\u00e9e.\" \/>\n<meta name=\"robots\" content=\"index, follow, max-snippet:-1, max-image-preview:large, max-video-preview:-1\" \/>\n<link rel=\"canonical\" href=\"https:\/\/julie-isquierdo.com\/\" \/>\n<meta property=\"og:locale\" content=\"en_US\" \/>\n<meta property=\"og:type\" content=\"article\" \/>\n<meta property=\"og:title\" content=\"Rhinoplastie \u00e0 Lille | Dr Julie Isquierdo\" \/>\n<meta property=\"og:description\" content=\"Sp\u00e9cialiste exclusive en rhinoplastie \u00e0 Lille, le Dr Julie Isquierdo propose une chirurgie du nez esth\u00e9tique et fonctionnelle avec une approche naturelle et personnalis\u00e9e.\" \/>\n<meta property=\"og:url\" content=\"https:\/\/julie-isquierdo.com\/\" \/>\n<meta property=\"article:modified_time\" content=\"2026-02-16T14:04:39+00:00\" \/>\n<meta property=\"og:image\" content=\"http:\/\/julie-isquierdo.com\/wp-content\/uploads\/2026\/01\/Isquierdo-2-819x1024.png\" \/>\n<meta name=\"twitter:card\" content=\"summary_large_image\" \/>\n<meta name=\"twitter:label1\" content=\"Est. reading time\" \/>\n\t<meta name=\"twitter:data1\" content=\"2 minutes\" \/>\n<script type=\"application\/ld+json\" class=\"yoast-schema-graph\">{\"@context\":\"https:\/\/schema.org\",\"@graph\":[{\"@type\":\"WebPage\",\"@id\":\"https:\/\/julie-isquierdo.com\/\",\"url\":\"https:\/\/julie-isquierdo.com\/\",\"name\":\"Rhinoplastie \u00e0 Lille | Dr Julie Isquierdo\",\"isPartOf\":{\"@id\":\"https:\/\/julie-isquierdo.com\/#website\"},\"primaryImageOfPage\":{\"@id\":\"https:\/\/julie-isquierdo.com\/#primaryimage\"},\"image\":{\"@id\":\"https:\/\/julie-isquierdo.com\/#primaryimage\"},\"thumbnailUrl\":\"http:\/\/julie-isquierdo.com\/wp-content\/uploads\/2026\/01\/Isquierdo-2-819x1024.png\",\"datePublished\":\"2026-01-03T14:24:56+00:00\",\"dateModified\":\"2026-02-16T14:04:39+00:00\",\"description\":\"Sp\u00e9cialiste exclusive en rhinoplastie \u00e0 Lille, le Dr Julie Isquierdo propose une chirurgie du nez esth\u00e9tique et fonctionnelle avec une approche naturelle et personnalis\u00e9e.\",\"breadcrumb\":{\"@id\":\"https:\/\/julie-isquierdo.com\/#breadcrumb\"},\"inLanguage\":\"en-US\",\"potentialAction\":[{\"@type\":\"ReadAction\",\"target\":[\"https:\/\/julie-isquierdo.com\/\"]}]},{\"@type\":\"ImageObject\",\"inLanguage\":\"en-US\",\"@id\":\"https:\/\/julie-isquierdo.com\/#primaryimage\",\"url\":\"http:\/\/julie-isquierdo.com\/wp-content\/uploads\/2026\/01\/Isquierdo-2-819x1024.png\",\"contentUrl\":\"http:\/\/julie-isquierdo.com\/wp-content\/uploads\/2026\/01\/Isquierdo-2-819x1024.png\"},{\"@type\":\"BreadcrumbList\",\"@id\":\"https:\/\/julie-isquierdo.com\/#breadcrumb\",\"itemListElement\":[{\"@type\":\"ListItem\",\"position\":1,\"name\":\"Home\",\"item\":\"https:\/\/julie-isquierdo.com\/\"},{\"@type\":\"ListItem\",\"position\":2,\"name\":\"Sp\u00e9cialiste en rhinoplastie \u00e0 Lille &#8211; Dr Julie Isquierdo\"}]},{\"@type\":\"WebSite\",\"@id\":\"https:\/\/julie-isquierdo.com\/#website\",\"url\":\"https:\/\/julie-isquierdo.com\/\",\"name\":\"\",\"description\":\"Sp\u00e9cialiste en rhinoplastie esth\u00e9tique et fonctionnelle\",\"potentialAction\":[{\"@type\":\"SearchAction\",\"target\":{\"@type\":\"EntryPoint\",\"urlTemplate\":\"https:\/\/julie-isquierdo.com\/?s={search_term_string}\"},\"query-input\":{\"@type\":\"PropertyValueSpecification\",\"valueRequired\":true,\"valueName\":\"search_term_string\"}}],\"inLanguage\":\"en-US\"}]}<\/script>\n<!-- \/ Yoast SEO plugin. -->","yoast_head_json":{"title":"Rhinoplastie \u00e0 Lille | Dr Julie Isquierdo","description":"Sp\u00e9cialiste exclusive en rhinoplastie \u00e0 Lille, le Dr Julie Isquierdo propose une chirurgie du nez esth\u00e9tique et fonctionnelle avec une approche naturelle et personnalis\u00e9e.","robots":{"index":"index","follow":"follow","max-snippet":"max-snippet:-1","max-image-preview":"max-image-preview:large","max-video-preview":"max-video-preview:-1"},"canonical":"https:\/\/julie-isquierdo.com\/","og_locale":"en_US","og_type":"article","og_title":"Rhinoplastie \u00e0 Lille | Dr Julie Isquierdo","og_description":"Sp\u00e9cialiste exclusive en rhinoplastie \u00e0 Lille, le Dr Julie Isquierdo propose une chirurgie du nez esth\u00e9tique et fonctionnelle avec une approche naturelle et personnalis\u00e9e.","og_url":"https:\/\/julie-isquierdo.com\/","article_modified_time":"2026-02-16T14:04:39+00:00","og_image":[{"url":"http:\/\/julie-isquierdo.com\/wp-content\/uploads\/2026\/01\/Isquierdo-2-819x1024.png","type":"","width":"","height":""}],"twitter_card":"summary_large_image","twitter_misc":{"Est. reading time":"2 minutes"},"schema":{"@context":"https:\/\/schema.org","@graph":[{"@type":"WebPage","@id":"https:\/\/julie-isquierdo.com\/","url":"https:\/\/julie-isquierdo.com\/","name":"Rhinoplastie \u00e0 Lille | Dr Julie Isquierdo","isPartOf":{"@id":"https:\/\/julie-isquierdo.com\/#website"},"primaryImageOfPage":{"@id":"https:\/\/julie-isquierdo.com\/#primaryimage"},"image":{"@id":"https:\/\/julie-isquierdo.com\/#primaryimage"},"thumbnailUrl":"http:\/\/julie-isquierdo.com\/wp-content\/uploads\/2026\/01\/Isquierdo-2-819x1024.png","datePublished":"2026-01-03T14:24:56+00:00","dateModified":"2026-02-16T14:04:39+00:00","description":"Sp\u00e9cialiste exclusive en rhinoplastie \u00e0 Lille, le Dr Julie Isquierdo propose une chirurgie du nez esth\u00e9tique et fonctionnelle avec une approche naturelle et personnalis\u00e9e.","breadcrumb":{"@id":"https:\/\/julie-isquierdo.com\/#breadcrumb"},"inLanguage":"en-US","potentialAction":[{"@type":"ReadAction","target":["https:\/\/julie-isquierdo.com\/"]}]},{"@type":"ImageObject","inLanguage":"en-US","@id":"https:\/\/julie-isquierdo.com\/#primaryimage","url":"http:\/\/julie-isquierdo.com\/wp-content\/uploads\/2026\/01\/Isquierdo-2-819x1024.png","contentUrl":"http:\/\/julie-isquierdo.com\/wp-content\/uploads\/2026\/01\/Isquierdo-2-819x1024.png"},{"@type":"BreadcrumbList","@id":"https:\/\/julie-isquierdo.com\/#breadcrumb","itemListElement":[{"@type":"ListItem","position":1,"name":"Home","item":"https:\/\/julie-isquierdo.com\/"},{"@type":"ListItem","position":2,"name":"Sp\u00e9cialiste en rhinoplastie \u00e0 Lille &#8211; Dr Julie Isquierdo"}]},{"@type":"WebSite","@id":"https:\/\/julie-isquierdo.com\/#website","url":"https:\/\/julie-isquierdo.com\/","name":"","description":"Sp\u00e9cialiste en rhinoplastie esth\u00e9tique et fonctionnelle","potentialAction":[{"@type":"SearchAction","target":{"@type":"EntryPoint","urlTemplate":"https:\/\/julie-isquierdo.com\/?s={search_term_string}"},"query-input":{"@type":"PropertyValueSpecification","valueRequired":true,"valueName":"search_term_string"}}],"inLanguage":"en-US"}]}},"_links":{"self":[{"href":"https:\/\/julie-isquierdo.com\/index.php\/wp-json\/wp\/v2\/pages\/26","targetHints":{"allow":["GET"]}}],"collection":[{"href":"https:\/\/julie-isquierdo.com\/index.php\/wp-json\/wp\/v2\/pages"}],"about":[{"href":"https:\/\/julie-isquierdo.com\/index.php\/wp-json\/wp\/v2\/types\/page"}],"author":[{"embeddable":true,"href":"https:\/\/julie-isquierdo.com\/index.php\/wp-json\/wp\/v2\/users\/1"}],"replies":[{"embeddable":true,"href":"https:\/\/julie-isquierdo.com\/index.php\/wp-json\/wp\/v2\/comments?post=26"}],"version-history":[{"count":114,"href":"https:\/\/julie-isquierdo.com\/index.php\/wp-json\/wp\/v2\/pages\/26\/revisions"}],"predecessor-version":[{"id":422,"href":"https:\/\/julie-isquierdo.com\/index.php\/wp-json\/wp\/v2\/pages\/26\/revisions\/422"}],"wp:attachment":[{"href":"https:\/\/julie-isquierdo.com\/index.php\/wp-json\/wp\/v2\/media?parent=26"}],"curies":[{"name":"wp","href":"https:\/\/api.w.org\/{rel}","templated":true}]}}