{"id":336,"date":"2026-01-18T22:21:03","date_gmt":"2026-01-18T22:21:03","guid":{"rendered":"https:\/\/julie-isquierdo.com\/?page_id=336"},"modified":"2026-02-16T13:49:07","modified_gmt":"2026-02-16T13:49:07","slug":"activite-chirurgicale","status":"publish","type":"page","link":"https:\/\/julie-isquierdo.com\/index.php\/activite-chirurgicale\/","title":{"rendered":"Rhinoplastie chirurgicale"},"content":{"rendered":"\t\t<div data-elementor-type=\"wp-page\" data-elementor-id=\"336\" class=\"elementor elementor-336\">\n\t\t\t\t\t\t<section class=\"elementor-section elementor-top-section elementor-element elementor-element-5dc43a1c elementor-section-content-middle elementor-section-boxed elementor-section-height-default elementor-section-height-default\" data-id=\"5dc43a1c\" data-element_type=\"section\">\n\t\t\t\t\t\t<div class=\"elementor-container elementor-column-gap-no\">\n\t\t\t\t\t<div class=\"elementor-column elementor-col-50 elementor-top-column elementor-element elementor-element-4df3f66b\" data-id=\"4df3f66b\" data-element_type=\"column\">\n\t\t\t<div class=\"elementor-widget-wrap elementor-element-populated\">\n\t\t\t\t\t\t<div class=\"elementor-element elementor-element-60970b9c elementor-invisible elementor-widget elementor-widget-image\" data-id=\"60970b9c\" data-element_type=\"widget\" data-settings=\"{&quot;_animation&quot;:&quot;slideInLeft&quot;}\" data-widget_type=\"image.default\">\n\t\t\t\t\t\t\t\t\t\t\t\t\t\t\t<img fetchpriority=\"high\" decoding=\"async\" width=\"819\" height=\"1024\" src=\"https:\/\/julie-isquierdo.com\/wp-content\/uploads\/2026\/02\/Isquierdo-12-819x1024.png\" class=\"attachment-large size-large wp-image-411\" alt=\"\" srcset=\"https:\/\/julie-isquierdo.com\/wp-content\/uploads\/2026\/02\/Isquierdo-12-819x1024.png 819w, https:\/\/julie-isquierdo.com\/wp-content\/uploads\/2026\/02\/Isquierdo-12-240x300.png 240w, https:\/\/julie-isquierdo.com\/wp-content\/uploads\/2026\/02\/Isquierdo-12-768x960.png 768w, https:\/\/julie-isquierdo.com\/wp-content\/uploads\/2026\/02\/Isquierdo-12.png 1080w\" sizes=\"(max-width: 819px) 100vw, 819px\" \/>\t\t\t\t\t\t\t\t\t\t\t\t\t\t\t<\/div>\n\t\t\t\t\t<\/div>\n\t\t<\/div>\n\t\t\t\t<div class=\"elementor-column elementor-col-50 elementor-top-column elementor-element elementor-element-31f979cd\" data-id=\"31f979cd\" data-element_type=\"column\">\n\t\t\t<div class=\"elementor-widget-wrap elementor-element-populated\">\n\t\t\t\t\t\t<div class=\"elementor-element elementor-element-5022111f elementor-widget elementor-widget-text-editor\" data-id=\"5022111f\" data-element_type=\"widget\" data-widget_type=\"text-editor.default\">\n\t\t\t\t\t\t\t\t\t<p class=\"p1\">Activit\u00e9 chirurgicale<\/p>\t\t\t\t\t\t\t\t<\/div>\n\t\t\t\t<div class=\"elementor-element elementor-element-600baef elementor-widget elementor-widget-text-editor\" data-id=\"600baef\" data-element_type=\"widget\" data-widget_type=\"text-editor.default\">\n\t\t\t\t\t\t\t\t\t<p class=\"p1\">Les interventions de rhinoplastie chirurgicale sont r\u00e9alis\u00e9es \u00e0 la Polyclinique du Bois, \u00e9tablissement de r\u00e9f\u00e9rence \u00e0 Lille reconnu pour la qualit\u00e9 de son plateau technique et la s\u00e9curit\u00e9 de sa prise en charge chirurgicale, g\u00e9n\u00e9ralement dans le cadre d\u2019une hospitalisation ambulatoire.<\/p><p class=\"p1\">Le Dr Julie Isquierdo y pratique l\u2019ensemble des interventions de rhinoplastie esth\u00e9tique et fonctionnelle, dans un environnement alliant technologie moderne, hygi\u00e8ne rigoureuse et confort patient. Chaque intervention fait l\u2019objet d\u2019une pr\u00e9paration personnalis\u00e9e, fond\u00e9e sur les examens et la simulation r\u00e9alis\u00e9s en consultation. L\u2019\u00e9quipe m\u00e9dicale et param\u00e9dicale assure un accompagnement attentif \u00e0 chaque \u00e9tape du parcours, de l\u2019accueil au bloc op\u00e9ratoire jusqu\u2019au suivi post-op\u00e9ratoire.<\/p>\t\t\t\t\t\t\t\t<\/div>\n\t\t\t\t\t<\/div>\n\t\t<\/div>\n\t\t\t\t\t<\/div>\n\t\t<\/section>\n\t\t\t\t<section class=\"elementor-section elementor-top-section elementor-element elementor-element-db6fada elementor-section-content-middle elementor-section-full_width elementor-section-height-default elementor-section-height-default\" data-id=\"db6fada\" data-element_type=\"section\">\n\t\t\t\t\t\t<div class=\"elementor-container elementor-column-gap-no\">\n\t\t\t\t\t<div class=\"elementor-column elementor-col-100 elementor-top-column elementor-element elementor-element-1020236f\" data-id=\"1020236f\" data-element_type=\"column\">\n\t\t\t<div class=\"elementor-widget-wrap elementor-element-populated\">\n\t\t\t\t\t\t<section class=\"elementor-section elementor-inner-section elementor-element elementor-element-2b6fa555 elementor-section-content-middle elementor-section-boxed elementor-section-height-default elementor-section-height-default\" data-id=\"2b6fa555\" data-element_type=\"section\">\n\t\t\t\t\t\t<div class=\"elementor-container elementor-column-gap-no\">\n\t\t\t\t\t<div class=\"elementor-column elementor-col-50 elementor-inner-column elementor-element elementor-element-ed098f4\" data-id=\"ed098f4\" data-element_type=\"column\" data-settings=\"{&quot;background_background&quot;:&quot;classic&quot;}\">\n\t\t\t<div class=\"elementor-widget-wrap elementor-element-populated\">\n\t\t\t\t\t<div class=\"elementor-background-overlay\"><\/div>\n\t\t\t\t\t\t<div class=\"elementor-element elementor-element-febd619 elementor-widget elementor-widget-heading\" data-id=\"febd619\" data-element_type=\"widget\" data-widget_type=\"heading.default\">\n\t\t\t\t\t<h2 class=\"elementor-heading-title elementor-size-default\">Septoplastie fonctionnelle<\/h2>\t\t\t\t<\/div>\n\t\t\t\t<div class=\"elementor-element elementor-element-6f2b40d6 elementor-widget elementor-widget-text-editor\" data-id=\"6f2b40d6\" data-element_type=\"widget\" data-widget_type=\"text-editor.default\">\n\t\t\t\t\t\t\t\t\t<p>La septoplastie est une intervention chirurgicale destin\u00e9e \u00e0 corriger une d\u00e9viation de la cloison nasale, souvent responsable d\u2019une g\u00eane respiratoire chronique, de ronflements ou d\u2019infections ORL r\u00e9p\u00e9t\u00e9es.<\/p><p>Elle consiste \u00e0 redresser la cloison nasale \u00e0 l\u2019int\u00e9rieur du nez pour am\u00e9liorer la respiration nasale. Elle est r\u00e9alis\u00e9e sous anesth\u00e9sie g\u00e9n\u00e9rale, assist\u00e9e par vid\u00e9o-endoscopie. Il n\u2019y a pas de cicatrice visible \u00e0 l\u2019ext\u00e9rieur ou de modification de l\u2019aspect esth\u00e9tique du nez. La dur\u00e9e de l\u2019intervention est de 30 \u00e0 45 minutes. Des attelles sont laiss\u00e9es \u00e0 l\u2019int\u00e9rieur du nez pour une dur\u00e9e de 1 semaine.<\/p><p>La reprise des activit\u00e9s quotidiennes est rapide, et les b\u00e9n\u00e9fices respiratoires sont g\u00e9n\u00e9ralement ressentis d\u00e8s les premi\u00e8res semaines suivant l\u2019intervention.<\/p>\t\t\t\t\t\t\t\t<\/div>\n\t\t\t\t\t<\/div>\n\t\t<\/div>\n\t\t\t\t<div class=\"elementor-column elementor-col-50 elementor-inner-column elementor-element elementor-element-bc0d606\" data-id=\"bc0d606\" data-element_type=\"column\" data-settings=\"{&quot;background_background&quot;:&quot;classic&quot;}\">\n\t\t\t<div class=\"elementor-widget-wrap elementor-element-populated\">\n\t\t\t\t\t<div class=\"elementor-background-overlay\"><\/div>\n\t\t\t\t\t\t<div class=\"elementor-element elementor-element-19b5435 elementor-widget elementor-widget-heading\" data-id=\"19b5435\" data-element_type=\"widget\" data-widget_type=\"heading.default\">\n\t\t\t\t\t<h2 class=\"elementor-heading-title elementor-size-default\">Rhinoseptoplastie post traumatique<\/h2>\t\t\t\t<\/div>\n\t\t\t\t<div class=\"elementor-element elementor-element-da5292f elementor-widget elementor-widget-text-editor\" data-id=\"da5292f\" data-element_type=\"widget\" data-widget_type=\"text-editor.default\">\n\t\t\t\t\t\t\t\t\t<p class=\"p1\">La rhinoseptoplastie post-traumatique s\u2019adresse aux patients ayant subi un choc nasal ayant entra\u00een\u00e9 une d\u00e9formation du nez et\/ou une alt\u00e9ration de la respiration.<\/p><p class=\"p1\">Cette chirurgie associe une correction interne (cloison, valves nasales, cartilages) \u00e0 une reconstruction esth\u00e9tique externe pour restaurer l\u2019harmonie du nez et la fonctionnalit\u00e9 respiratoire.<\/p><p class=\"p1\">Chaque cas \u00e9tant unique, le geste op\u00e9ratoire est adapt\u00e9 \u00e0 la nature du traumatisme et aux attentes du patient.<\/p>\t\t\t\t\t\t\t\t<\/div>\n\t\t\t\t\t<\/div>\n\t\t<\/div>\n\t\t\t\t\t<\/div>\n\t\t<\/section>\n\t\t\t\t<section class=\"elementor-section elementor-inner-section elementor-element elementor-element-6765713 elementor-section-content-middle elementor-section-boxed elementor-section-height-default elementor-section-height-default\" data-id=\"6765713\" data-element_type=\"section\">\n\t\t\t\t\t\t<div class=\"elementor-container elementor-column-gap-no\">\n\t\t\t\t\t<div class=\"elementor-column elementor-col-50 elementor-inner-column elementor-element elementor-element-da2ee1e\" data-id=\"da2ee1e\" data-element_type=\"column\" data-settings=\"{&quot;background_background&quot;:&quot;classic&quot;}\">\n\t\t\t<div class=\"elementor-widget-wrap elementor-element-populated\">\n\t\t\t\t\t<div class=\"elementor-background-overlay\"><\/div>\n\t\t\t\t\t\t<div class=\"elementor-element elementor-element-df6c229 elementor-hidden-desktop elementor-widget elementor-widget-spacer\" data-id=\"df6c229\" data-element_type=\"widget\" data-widget_type=\"spacer.default\">\n\t\t\t\t\t\t\t<div class=\"elementor-spacer\">\n\t\t\t<div class=\"elementor-spacer-inner\"><\/div>\n\t\t<\/div>\n\t\t\t\t\t\t<\/div>\n\t\t\t\t\t<\/div>\n\t\t<\/div>\n\t\t\t\t<div class=\"elementor-column elementor-col-50 elementor-inner-column elementor-element elementor-element-35f1f33\" data-id=\"35f1f33\" data-element_type=\"column\" data-settings=\"{&quot;background_background&quot;:&quot;classic&quot;}\">\n\t\t\t<div class=\"elementor-widget-wrap elementor-element-populated\">\n\t\t\t\t\t<div class=\"elementor-background-overlay\"><\/div>\n\t\t\t\t\t\t<div class=\"elementor-element elementor-element-86f5fd6 elementor-widget elementor-widget-heading\" data-id=\"86f5fd6\" data-element_type=\"widget\" data-widget_type=\"heading.default\">\n\t\t\t\t\t<h2 class=\"elementor-heading-title elementor-size-default\">Rhinoplastie esth\u00e9tique<\/h2>\t\t\t\t<\/div>\n\t\t\t\t<div class=\"elementor-element elementor-element-8e32a47 elementor-widget elementor-widget-text-editor\" data-id=\"8e32a47\" data-element_type=\"widget\" data-widget_type=\"text-editor.default\">\n\t\t\t\t\t\t\t\t\t<p class=\"p1\">La rhinoplastie esth\u00e9tique vise \u00e0 am\u00e9liorer l\u2019apparence du nez en harmonie avec les traits du visage.<\/p><p class=\"p1\">Qu\u2019il s\u2019agisse d\u2019affiner la pointe, de corriger une bosse ou d\u2019ajuster les proportions nasales, l\u2019objectif est toujours d\u2019obtenir un r\u00e9sultat naturel, \u00e9quilibr\u00e9 et personnalis\u00e9.<br \/>Une \u00e9tude morphologique du visage et une simulation sont propos\u00e9es lors de la consultation afin d\u2019accompagner le patient dans son projet.<\/p><p class=\"p1\">L\u2019intervention est r\u00e9alis\u00e9e sous anesth\u00e9sie g\u00e9n\u00e9rale pour une dur\u00e9e de 2 \u00e0 3h, dans le cadre d\u2019une hospitalisation ambulatoire. Elle n\u00e9cessite la mise en place d\u2019attelle interne et externe pour une dur\u00e9e de 1 semaine. Le temps de r\u00e9cup\u00e9ration est d\u2019environ une \u00e0 deux semaines.<\/p>\t\t\t\t\t\t\t\t<\/div>\n\t\t\t\t\t<\/div>\n\t\t<\/div>\n\t\t\t\t\t<\/div>\n\t\t<\/section>\n\t\t\t\t<section class=\"elementor-section elementor-inner-section elementor-element elementor-element-6e36b39 elementor-section-content-middle elementor-section-boxed elementor-section-height-default elementor-section-height-default\" data-id=\"6e36b39\" data-element_type=\"section\">\n\t\t\t\t\t\t<div class=\"elementor-container elementor-column-gap-no\">\n\t\t\t\t\t<div class=\"elementor-column elementor-col-50 elementor-inner-column elementor-element elementor-element-7379f1c\" data-id=\"7379f1c\" data-element_type=\"column\" data-settings=\"{&quot;background_background&quot;:&quot;classic&quot;}\">\n\t\t\t<div class=\"elementor-widget-wrap elementor-element-populated\">\n\t\t\t\t\t<div class=\"elementor-background-overlay\"><\/div>\n\t\t\t\t\t\t<div class=\"elementor-element elementor-element-63706a9 elementor-widget elementor-widget-heading\" data-id=\"63706a9\" data-element_type=\"widget\" data-widget_type=\"heading.default\">\n\t\t\t\t\t<h2 class=\"elementor-heading-title elementor-size-default\">Rhinoplastie secondaire ou tertiaire<\/h2>\t\t\t\t<\/div>\n\t\t\t\t<div class=\"elementor-element elementor-element-2d970f6 elementor-widget elementor-widget-text-editor\" data-id=\"2d970f6\" data-element_type=\"widget\" data-widget_type=\"text-editor.default\">\n\t\t\t\t\t\t\t\t\t<p>La rhinoplastie secondaire (ou tertiaire) consiste \u00e0 corriger ou am\u00e9liorer le r\u00e9sultat d\u2019une chirurgie nasale ant\u00e9rieure lorsque des irr\u00e9gularit\u00e9s esth\u00e9tiques ou fonctionnelles persistent.<\/p><p>C\u2019est une intervention plus complexe, n\u00e9cessitant une analyse pr\u00e9cise de la structure nasale et parfois des greffes cartilagineuses pour reconstruire les zones affaiblies.<\/p><p>Elle requiert une expertise sp\u00e9cifique et une approche sur mesure pour restaurer la respiration et redonner au nez un aspect naturel et harmonieux.<\/p>\t\t\t\t\t\t\t\t<\/div>\n\t\t\t\t\t<\/div>\n\t\t<\/div>\n\t\t\t\t<div class=\"elementor-column elementor-col-50 elementor-inner-column elementor-element elementor-element-d9f79d2\" data-id=\"d9f79d2\" data-element_type=\"column\" data-settings=\"{&quot;background_background&quot;:&quot;classic&quot;}\">\n\t\t\t<div class=\"elementor-widget-wrap elementor-element-populated\">\n\t\t\t\t\t<div class=\"elementor-background-overlay\"><\/div>\n\t\t\t\t\t\t<div class=\"elementor-element elementor-element-b7e2248 elementor-widget elementor-widget-heading\" data-id=\"b7e2248\" data-element_type=\"widget\" data-widget_type=\"heading.default\">\n\t\t\t\t\t<h2 class=\"elementor-heading-title elementor-size-default\">Rhinoplastie m\u00e9dicale avec injection d\u2019acide hyaluronique<\/h2>\t\t\t\t<\/div>\n\t\t\t\t<div class=\"elementor-element elementor-element-135dbaf elementor-widget elementor-widget-text-editor\" data-id=\"135dbaf\" data-element_type=\"widget\" data-widget_type=\"text-editor.default\">\n\t\t\t\t\t\t\t\t\t<p>La rhinoplastie m\u00e9dicale est une alternative non chirurgicale permettant de corriger certaines irr\u00e9gularit\u00e9s mineures du nez par injection d\u2019acide hyaluronique.<\/p><p>Cette technique, r\u00e9alis\u00e9e au cabinet, ne n\u00e9cessite ni anesth\u00e9sie g\u00e9n\u00e9rale ni \u00e9viction sociale.<\/p><p>Elle permet notamment de redessiner la ligne du nez, att\u00e9nuer une bosse, relever une pointe ou am\u00e9liorer la sym\u00e9trie. Les r\u00e9sultats sont visibles imm\u00e9diatement et durent entre 12 et 18 mois selon le patient.<\/p>\t\t\t\t\t\t\t\t<\/div>\n\t\t\t\t\t<\/div>\n\t\t<\/div>\n\t\t\t\t\t<\/div>\n\t\t<\/section>\n\t\t\t\t\t<\/div>\n\t\t<\/div>\n\t\t\t\t\t<\/div>\n\t\t<\/section>\n\t\t\t\t<section class=\"elementor-section elementor-top-section elementor-element elementor-element-a1c5a1b elementor-section-full_width elementor-section-stretched elementor-section-height-default elementor-section-height-default\" data-id=\"a1c5a1b\" data-element_type=\"section\" data-settings=\"{&quot;stretch_section&quot;:&quot;section-stretched&quot;}\">\n\t\t\t\t\t\t<div class=\"elementor-container elementor-column-gap-default\">\n\t\t\t\t\t<div class=\"elementor-column elementor-col-100 elementor-top-column elementor-element elementor-element-6298a7a9\" data-id=\"6298a7a9\" data-element_type=\"column\">\n\t\t\t<div class=\"elementor-widget-wrap elementor-element-populated\">\n\t\t\t\t\t\t<section class=\"elementor-section elementor-inner-section elementor-element elementor-element-1a249e7c elementor-section-boxed elementor-section-height-default elementor-section-height-default\" data-id=\"1a249e7c\" data-element_type=\"section\">\n\t\t\t\t\t\t<div class=\"elementor-container elementor-column-gap-default\">\n\t\t\t\t\t<div class=\"elementor-column elementor-col-50 elementor-inner-column elementor-element elementor-element-d2e4c57\" data-id=\"d2e4c57\" data-element_type=\"column\">\n\t\t\t<div class=\"elementor-widget-wrap elementor-element-populated\">\n\t\t\t\t\t\t<div class=\"elementor-element elementor-element-e91dccc elementor-widget elementor-widget-image\" data-id=\"e91dccc\" data-element_type=\"widget\" data-widget_type=\"image.default\">\n\t\t\t\t\t\t\t\t\t\t\t\t\t\t\t<img decoding=\"async\" width=\"819\" height=\"1024\" src=\"https:\/\/julie-isquierdo.com\/wp-content\/uploads\/2026\/01\/Picto-Presentation-819x1024.png\" class=\"attachment-large size-large wp-image-137\" alt=\"\" srcset=\"https:\/\/julie-isquierdo.com\/wp-content\/uploads\/2026\/01\/Picto-Presentation-819x1024.png 819w, https:\/\/julie-isquierdo.com\/wp-content\/uploads\/2026\/01\/Picto-Presentation-240x300.png 240w, https:\/\/julie-isquierdo.com\/wp-content\/uploads\/2026\/01\/Picto-Presentation-768x960.png 768w, https:\/\/julie-isquierdo.com\/wp-content\/uploads\/2026\/01\/Picto-Presentation.png 1080w\" sizes=\"(max-width: 819px) 100vw, 819px\" \/>\t\t\t\t\t\t\t\t\t\t\t\t\t\t\t<\/div>\n\t\t\t\t<div class=\"elementor-element elementor-element-fc4e3f8 elementor-widget elementor-widget-heading\" data-id=\"fc4e3f8\" data-element_type=\"widget\" data-widget_type=\"heading.default\">\n\t\t\t\t\t<h4 class=\"elementor-heading-title elementor-size-default\">Consultation<\/h4>\t\t\t\t<\/div>\n\t\t\t\t<div class=\"elementor-element elementor-element-43fa6ea elementor-align-center elementor-widget elementor-widget-button\" data-id=\"43fa6ea\" data-element_type=\"widget\" data-widget_type=\"button.default\">\n\t\t\t\t\t\t\t\t\t\t<a class=\"elementor-button elementor-button-link elementor-size-xs elementor-animation-grow\" href=\"https:\/\/julie-isquierdo.com\/index.php\/consultation\/\">\n\t\t\t\t\t\t<span class=\"elementor-button-content-wrapper\">\n\t\t\t\t\t\t\t\t\t<span class=\"elementor-button-text\">EN SAVOIR +<\/span>\n\t\t\t\t\t<\/span>\n\t\t\t\t\t<\/a>\n\t\t\t\t\t\t\t\t<\/div>\n\t\t\t\t\t<\/div>\n\t\t<\/div>\n\t\t\t\t<div class=\"elementor-column elementor-col-50 elementor-inner-column elementor-element elementor-element-37b5c7a4\" data-id=\"37b5c7a4\" data-element_type=\"column\">\n\t\t\t<div class=\"elementor-widget-wrap elementor-element-populated\">\n\t\t\t\t\t\t<div class=\"elementor-element elementor-element-353e6cf2 elementor-widget elementor-widget-image\" data-id=\"353e6cf2\" data-element_type=\"widget\" data-widget_type=\"image.default\">\n\t\t\t\t\t\t\t\t\t\t\t\t\t\t\t<img decoding=\"async\" width=\"819\" height=\"1024\" src=\"https:\/\/julie-isquierdo.com\/wp-content\/uploads\/2026\/01\/Picto-FAQ-819x1024.png\" class=\"attachment-large size-large wp-image-136\" alt=\"\" srcset=\"https:\/\/julie-isquierdo.com\/wp-content\/uploads\/2026\/01\/Picto-FAQ-819x1024.png 819w, https:\/\/julie-isquierdo.com\/wp-content\/uploads\/2026\/01\/Picto-FAQ-240x300.png 240w, https:\/\/julie-isquierdo.com\/wp-content\/uploads\/2026\/01\/Picto-FAQ-768x960.png 768w, https:\/\/julie-isquierdo.com\/wp-content\/uploads\/2026\/01\/Picto-FAQ.png 1080w\" sizes=\"(max-width: 819px) 100vw, 819px\" \/>\t\t\t\t\t\t\t\t\t\t\t\t\t\t\t<\/div>\n\t\t\t\t<div class=\"elementor-element elementor-element-43564f4f elementor-widget elementor-widget-heading\" data-id=\"43564f4f\" data-element_type=\"widget\" data-widget_type=\"heading.default\">\n\t\t\t\t\t<h4 class=\"elementor-heading-title elementor-size-default\">Questions fr\u00e9quentes<\/h4>\t\t\t\t<\/div>\n\t\t\t\t<div class=\"elementor-element elementor-element-66e47a62 elementor-align-center elementor-widget elementor-widget-button\" data-id=\"66e47a62\" data-element_type=\"widget\" data-widget_type=\"button.default\">\n\t\t\t\t\t\t\t\t\t\t<a class=\"elementor-button elementor-button-link elementor-size-xs elementor-animation-grow\" href=\"https:\/\/julie-isquierdo.com\/index.php\/questions-frequentes\/\">\n\t\t\t\t\t\t<span class=\"elementor-button-content-wrapper\">\n\t\t\t\t\t\t\t\t\t<span class=\"elementor-button-text\">EN SAVOIR +<\/span>\n\t\t\t\t\t<\/span>\n\t\t\t\t\t<\/a>\n\t\t\t\t\t\t\t\t<\/div>\n\t\t\t\t\t<\/div>\n\t\t<\/div>\n\t\t\t\t\t<\/div>\n\t\t<\/section>\n\t\t\t\t\t<\/div>\n\t\t<\/div>\n\t\t\t\t\t<\/div>\n\t\t<\/section>\n\t\t\t\t<section class=\"elementor-section elementor-top-section elementor-element elementor-element-1d8f0c49 elementor-section-full_width elementor-section-stretched elementor-section-height-default elementor-section-height-default\" data-id=\"1d8f0c49\" data-element_type=\"section\" data-settings=\"{&quot;background_background&quot;:&quot;classic&quot;,&quot;stretch_section&quot;:&quot;section-stretched&quot;}\">\n\t\t\t\t\t\t<div class=\"elementor-container elementor-column-gap-no\">\n\t\t\t\t\t<div class=\"elementor-column elementor-col-100 elementor-top-column elementor-element elementor-element-24291fc3\" data-id=\"24291fc3\" data-element_type=\"column\">\n\t\t\t<div class=\"elementor-widget-wrap elementor-element-populated\">\n\t\t\t\t\t\t<div class=\"elementor-element elementor-element-3fbc4bb2 elementor-widget elementor-widget-google_maps\" data-id=\"3fbc4bb2\" data-element_type=\"widget\" data-widget_type=\"google_maps.default\">\n\t\t\t\t\t\t\t<div class=\"elementor-custom-embed\">\n\t\t\t<iframe loading=\"lazy\"\n\t\t\t\t\tsrc=\"https:\/\/maps.google.com\/maps?q=117%20avenue%20de%20Dunkerque%20Lille&#038;t=m&#038;z=18&#038;output=embed&#038;iwloc=near\"\n\t\t\t\t\ttitle=\"117 avenue de Dunkerque Lille\"\n\t\t\t\t\taria-label=\"117 avenue de Dunkerque Lille\"\n\t\t\t><\/iframe>\n\t\t<\/div>\n\t\t\t\t\t\t<\/div>\n\t\t\t\t<section class=\"elementor-section elementor-inner-section elementor-element elementor-element-4e4d50f7 elementor-section-content-middle elementor-section-boxed elementor-section-height-default elementor-section-height-default\" data-id=\"4e4d50f7\" data-element_type=\"section\" data-settings=\"{&quot;background_background&quot;:&quot;classic&quot;}\">\n\t\t\t\t\t\t<div class=\"elementor-container elementor-column-gap-no\">\n\t\t\t\t\t<div class=\"elementor-column elementor-col-100 elementor-inner-column elementor-element elementor-element-28bbb823\" data-id=\"28bbb823\" data-element_type=\"column\">\n\t\t\t<div class=\"elementor-widget-wrap elementor-element-populated\">\n\t\t\t\t\t\t<div class=\"elementor-element elementor-element-6dc6c5f elementor-widget elementor-widget-image\" data-id=\"6dc6c5f\" data-element_type=\"widget\" data-widget_type=\"image.default\">\n\t\t\t\t\t\t\t\t\t\t\t\t\t\t\t\t<a href=\"https:\/\/julie-isquierdo.com\/\">\n\t\t\t\t\t\t\t<img loading=\"lazy\" decoding=\"async\" width=\"1000\" height=\"500\" src=\"https:\/\/julie-isquierdo.com\/wp-content\/uploads\/2026\/01\/Logo-Julie-ISQUIERDO-VF.png\" class=\"attachment-large size-large wp-image-33\" alt=\"\" srcset=\"https:\/\/julie-isquierdo.com\/wp-content\/uploads\/2026\/01\/Logo-Julie-ISQUIERDO-VF.png 1000w, https:\/\/julie-isquierdo.com\/wp-content\/uploads\/2026\/01\/Logo-Julie-ISQUIERDO-VF-300x150.png 300w, https:\/\/julie-isquierdo.com\/wp-content\/uploads\/2026\/01\/Logo-Julie-ISQUIERDO-VF-768x384.png 768w\" sizes=\"(max-width: 1000px) 100vw, 1000px\" \/>\t\t\t\t\t\t\t\t<\/a>\n\t\t\t\t\t\t\t\t\t\t\t\t\t\t\t<\/div>\n\t\t\t\t\t<\/div>\n\t\t<\/div>\n\t\t\t\t\t<\/div>\n\t\t<\/section>\n\t\t\t\t<section class=\"elementor-section elementor-inner-section elementor-element elementor-element-3c3dd7f9 elementor-section-content-middle elementor-section-boxed elementor-section-height-default elementor-section-height-default\" data-id=\"3c3dd7f9\" data-element_type=\"section\" data-settings=\"{&quot;background_background&quot;:&quot;classic&quot;}\">\n\t\t\t\t\t\t<div class=\"elementor-container elementor-column-gap-no\">\n\t\t\t\t\t<div class=\"elementor-column elementor-col-33 elementor-inner-column elementor-element elementor-element-7b45d85e\" data-id=\"7b45d85e\" data-element_type=\"column\">\n\t\t\t<div class=\"elementor-widget-wrap elementor-element-populated\">\n\t\t\t\t\t\t<div class=\"elementor-element elementor-element-1bf142e0 elementor-widget elementor-widget-heading\" data-id=\"1bf142e0\" data-element_type=\"widget\" data-widget_type=\"heading.default\">\n\t\t\t\t\t<h4 class=\"elementor-heading-title elementor-size-default\">ADRESSE<\/h4>\t\t\t\t<\/div>\n\t\t\t\t<div class=\"elementor-element elementor-element-4f1b03f9 elementor-widget elementor-widget-text-editor\" data-id=\"4f1b03f9\" data-element_type=\"widget\" data-widget_type=\"text-editor.default\">\n\t\t\t\t\t\t\t\t\t<p class=\"p1\">117 avenue de Dunkerque, 59000 Lille<br \/><span style=\"font-size: 16px;\">2\u1d49 \u00e9tage<\/span><\/p>\t\t\t\t\t\t\t\t<\/div>\n\t\t\t\t\t<\/div>\n\t\t<\/div>\n\t\t\t\t<div class=\"elementor-column elementor-col-33 elementor-inner-column elementor-element elementor-element-4d76fc50\" data-id=\"4d76fc50\" data-element_type=\"column\">\n\t\t\t<div class=\"elementor-widget-wrap elementor-element-populated\">\n\t\t\t\t\t\t<div class=\"elementor-element elementor-element-eab8809 elementor-widget elementor-widget-heading\" data-id=\"eab8809\" data-element_type=\"widget\" data-widget_type=\"heading.default\">\n\t\t\t\t\t<h4 class=\"elementor-heading-title elementor-size-default\">HORAIRES<\/h4>\t\t\t\t<\/div>\n\t\t\t\t<div class=\"elementor-element elementor-element-62a6440e elementor-widget elementor-widget-text-editor\" data-id=\"62a6440e\" data-element_type=\"widget\" data-widget_type=\"text-editor.default\">\n\t\t\t\t\t\t\t\t\t<p>Lundi au vendredi<br \/><span style=\"font-style: inherit; font-weight: inherit;\">8h &#8211; 18h<br \/><br \/><\/span><\/p>\t\t\t\t\t\t\t\t<\/div>\n\t\t\t\t\t<\/div>\n\t\t<\/div>\n\t\t\t\t<div class=\"elementor-column elementor-col-33 elementor-inner-column elementor-element elementor-element-2616e8d3\" data-id=\"2616e8d3\" data-element_type=\"column\">\n\t\t\t<div class=\"elementor-widget-wrap elementor-element-populated\">\n\t\t\t\t\t\t<div class=\"elementor-element elementor-element-25ce3ce0 elementor-widget elementor-widget-heading\" data-id=\"25ce3ce0\" data-element_type=\"widget\" data-widget_type=\"heading.default\">\n\t\t\t\t\t<h4 class=\"elementor-heading-title elementor-size-default\">contact<\/h4>\t\t\t\t<\/div>\n\t\t\t\t<div class=\"elementor-element elementor-element-7c75caf5 elementor-widget elementor-widget-text-editor\" data-id=\"7c75caf5\" data-element_type=\"widget\" data-widget_type=\"text-editor.default\">\n\t\t\t\t\t\t\t\t\t<p class=\"p1\">03 62 27 62 26<br \/>dr.isquierdo.rhinoplastie<br \/>@gmail.com<\/p>\t\t\t\t\t\t\t\t<\/div>\n\t\t\t\t\t<\/div>\n\t\t<\/div>\n\t\t\t\t\t<\/div>\n\t\t<\/section>\n\t\t\t\t\t<\/div>\n\t\t<\/div>\n\t\t\t\t\t<\/div>\n\t\t<\/section>\n\t\t\t\t<\/div>\n\t\t","protected":false},"excerpt":{"rendered":"<p>Activit\u00e9 chirurgicale Les interventions de rhinoplastie chirurgicale sont r\u00e9alis\u00e9es \u00e0 la Polyclinique du Bois, \u00e9tablissement de r\u00e9f\u00e9rence \u00e0 Lille reconnu [&hellip;]<\/p>\n","protected":false},"author":1,"featured_media":0,"parent":0,"menu_order":0,"comment_status":"closed","ping_status":"closed","template":"","meta":{"_monsterinsights_skip_tracking":false,"_monsterinsights_sitenote_active":false,"_monsterinsights_sitenote_note":"","_monsterinsights_sitenote_category":0,"site-sidebar-layout":"default","site-content-layout":"","ast-site-content-layout":"default","site-content-style":"default","site-sidebar-style":"default","ast-global-header-display":"","ast-banner-title-visibility":"","ast-main-header-display":"","ast-hfb-above-header-display":"","ast-hfb-below-header-display":"","ast-hfb-mobile-header-display":"","site-post-title":"","ast-breadcrumbs-content":"","ast-featured-img":"","footer-sml-layout":"","ast-disable-related-posts":"","theme-transparent-header-meta":"","adv-header-id-meta":"","stick-header-meta":"","header-above-stick-meta":"","header-main-stick-meta":"","header-below-stick-meta":"","astra-migrate-meta-layouts":"default","ast-page-background-enabled":"default","ast-page-background-meta":{"desktop":{"background-color":"var(--ast-global-color-5)","background-image":"","background-repeat":"repeat","background-position":"center center","background-size":"auto","background-attachment":"scroll","background-type":"","background-media":"","overlay-type":"","overlay-color":"","overlay-opacity":"","overlay-gradient":""},"tablet":{"background-color":"","background-image":"","background-repeat":"repeat","background-position":"center center","background-size":"auto","background-attachment":"scroll","background-type":"","background-media":"","overlay-type":"","overlay-color":"","overlay-opacity":"","overlay-gradient":""},"mobile":{"background-color":"","background-image":"","background-repeat":"repeat","background-position":"center center","background-size":"auto","background-attachment":"scroll","background-type":"","background-media":"","overlay-type":"","overlay-color":"","overlay-opacity":"","overlay-gradient":""}},"ast-content-background-meta":{"desktop":{"background-color":"var(--ast-global-color-4)","background-image":"","background-repeat":"repeat","background-position":"center center","background-size":"auto","background-attachment":"scroll","background-type":"","background-media":"","overlay-type":"","overlay-color":"","overlay-opacity":"","overlay-gradient":""},"tablet":{"background-color":"var(--ast-global-color-4)","background-image":"","background-repeat":"repeat","background-position":"center center","background-size":"auto","background-attachment":"scroll","background-type":"","background-media":"","overlay-type":"","overlay-color":"","overlay-opacity":"","overlay-gradient":""},"mobile":{"background-color":"var(--ast-global-color-4)","background-image":"","background-repeat":"repeat","background-position":"center center","background-size":"auto","background-attachment":"scroll","background-type":"","background-media":"","overlay-type":"","overlay-color":"","overlay-opacity":"","overlay-gradient":""}},"footnotes":""},"class_list":["post-336","page","type-page","status-publish","hentry"],"yoast_head":"<!-- This site is optimized with the Yoast SEO plugin v26.8 - https:\/\/yoast.com\/product\/yoast-seo-wordpress\/ -->\n<title>Activit\u00e9 chirurgicale - ORL et Rhinoplastie | Dr Julie Isquierdo<\/title>\n<meta name=\"description\" content=\"Explorez les services ORL propos\u00e9s par le Dr Julie Isquierdo \u00e0 Lille, interventions de rhinoplastie esth\u00e9tique et fonctionnelle.\" \/>\n<meta name=\"robots\" content=\"index, follow, max-snippet:-1, max-image-preview:large, max-video-preview:-1\" \/>\n<link rel=\"canonical\" href=\"https:\/\/julie-isquierdo.com\/index.php\/activite-chirurgicale\/\" \/>\n<meta property=\"og:locale\" content=\"en_US\" \/>\n<meta property=\"og:type\" content=\"article\" \/>\n<meta property=\"og:title\" content=\"Activit\u00e9 chirurgicale - ORL et Rhinoplastie | Dr Julie Isquierdo\" \/>\n<meta property=\"og:description\" content=\"Explorez les services ORL propos\u00e9s par le Dr Julie Isquierdo \u00e0 Lille, interventions de rhinoplastie esth\u00e9tique et fonctionnelle.\" \/>\n<meta property=\"og:url\" content=\"https:\/\/julie-isquierdo.com\/index.php\/activite-chirurgicale\/\" \/>\n<meta property=\"article:modified_time\" content=\"2026-02-16T13:49:07+00:00\" \/>\n<meta property=\"og:image\" content=\"http:\/\/julie-isquierdo.com\/wp-content\/uploads\/2026\/02\/Isquierdo-12-819x1024.png\" \/>\n<meta name=\"twitter:card\" content=\"summary_large_image\" \/>\n<meta name=\"twitter:label1\" content=\"Est. reading time\" \/>\n\t<meta name=\"twitter:data1\" content=\"4 minutes\" \/>\n<script type=\"application\/ld+json\" class=\"yoast-schema-graph\">{\"@context\":\"https:\/\/schema.org\",\"@graph\":[{\"@type\":\"WebPage\",\"@id\":\"https:\/\/julie-isquierdo.com\/index.php\/activite-chirurgicale\/\",\"url\":\"https:\/\/julie-isquierdo.com\/index.php\/activite-chirurgicale\/\",\"name\":\"Activit\u00e9 chirurgicale - ORL et Rhinoplastie | Dr Julie Isquierdo\",\"isPartOf\":{\"@id\":\"https:\/\/julie-isquierdo.com\/#website\"},\"primaryImageOfPage\":{\"@id\":\"https:\/\/julie-isquierdo.com\/index.php\/activite-chirurgicale\/#primaryimage\"},\"image\":{\"@id\":\"https:\/\/julie-isquierdo.com\/index.php\/activite-chirurgicale\/#primaryimage\"},\"thumbnailUrl\":\"http:\/\/julie-isquierdo.com\/wp-content\/uploads\/2026\/02\/Isquierdo-12-819x1024.png\",\"datePublished\":\"2026-01-18T22:21:03+00:00\",\"dateModified\":\"2026-02-16T13:49:07+00:00\",\"description\":\"Explorez les services ORL propos\u00e9s par le Dr Julie Isquierdo \u00e0 Lille, interventions de rhinoplastie esth\u00e9tique et fonctionnelle.\",\"breadcrumb\":{\"@id\":\"https:\/\/julie-isquierdo.com\/index.php\/activite-chirurgicale\/#breadcrumb\"},\"inLanguage\":\"en-US\",\"potentialAction\":[{\"@type\":\"ReadAction\",\"target\":[\"https:\/\/julie-isquierdo.com\/index.php\/activite-chirurgicale\/\"]}]},{\"@type\":\"ImageObject\",\"inLanguage\":\"en-US\",\"@id\":\"https:\/\/julie-isquierdo.com\/index.php\/activite-chirurgicale\/#primaryimage\",\"url\":\"http:\/\/julie-isquierdo.com\/wp-content\/uploads\/2026\/02\/Isquierdo-12-819x1024.png\",\"contentUrl\":\"http:\/\/julie-isquierdo.com\/wp-content\/uploads\/2026\/02\/Isquierdo-12-819x1024.png\"},{\"@type\":\"BreadcrumbList\",\"@id\":\"https:\/\/julie-isquierdo.com\/index.php\/activite-chirurgicale\/#breadcrumb\",\"itemListElement\":[{\"@type\":\"ListItem\",\"position\":1,\"name\":\"Home\",\"item\":\"https:\/\/julie-isquierdo.com\/\"},{\"@type\":\"ListItem\",\"position\":2,\"name\":\"Rhinoplastie chirurgicale\"}]},{\"@type\":\"WebSite\",\"@id\":\"https:\/\/julie-isquierdo.com\/#website\",\"url\":\"https:\/\/julie-isquierdo.com\/\",\"name\":\"\",\"description\":\"Sp\u00e9cialiste en rhinoplastie esth\u00e9tique et fonctionnelle\",\"potentialAction\":[{\"@type\":\"SearchAction\",\"target\":{\"@type\":\"EntryPoint\",\"urlTemplate\":\"https:\/\/julie-isquierdo.com\/?s={search_term_string}\"},\"query-input\":{\"@type\":\"PropertyValueSpecification\",\"valueRequired\":true,\"valueName\":\"search_term_string\"}}],\"inLanguage\":\"en-US\"}]}<\/script>\n<!-- \/ Yoast SEO plugin. -->","yoast_head_json":{"title":"Activit\u00e9 chirurgicale - ORL et Rhinoplastie | Dr Julie Isquierdo","description":"Explorez les services ORL propos\u00e9s par le Dr Julie Isquierdo \u00e0 Lille, interventions de rhinoplastie esth\u00e9tique et fonctionnelle.","robots":{"index":"index","follow":"follow","max-snippet":"max-snippet:-1","max-image-preview":"max-image-preview:large","max-video-preview":"max-video-preview:-1"},"canonical":"https:\/\/julie-isquierdo.com\/index.php\/activite-chirurgicale\/","og_locale":"en_US","og_type":"article","og_title":"Activit\u00e9 chirurgicale - ORL et Rhinoplastie | Dr Julie Isquierdo","og_description":"Explorez les services ORL propos\u00e9s par le Dr Julie Isquierdo \u00e0 Lille, interventions de rhinoplastie esth\u00e9tique et fonctionnelle.","og_url":"https:\/\/julie-isquierdo.com\/index.php\/activite-chirurgicale\/","article_modified_time":"2026-02-16T13:49:07+00:00","og_image":[{"url":"http:\/\/julie-isquierdo.com\/wp-content\/uploads\/2026\/02\/Isquierdo-12-819x1024.png","type":"","width":"","height":""}],"twitter_card":"summary_large_image","twitter_misc":{"Est. reading time":"4 minutes"},"schema":{"@context":"https:\/\/schema.org","@graph":[{"@type":"WebPage","@id":"https:\/\/julie-isquierdo.com\/index.php\/activite-chirurgicale\/","url":"https:\/\/julie-isquierdo.com\/index.php\/activite-chirurgicale\/","name":"Activit\u00e9 chirurgicale - ORL et Rhinoplastie | Dr Julie Isquierdo","isPartOf":{"@id":"https:\/\/julie-isquierdo.com\/#website"},"primaryImageOfPage":{"@id":"https:\/\/julie-isquierdo.com\/index.php\/activite-chirurgicale\/#primaryimage"},"image":{"@id":"https:\/\/julie-isquierdo.com\/index.php\/activite-chirurgicale\/#primaryimage"},"thumbnailUrl":"http:\/\/julie-isquierdo.com\/wp-content\/uploads\/2026\/02\/Isquierdo-12-819x1024.png","datePublished":"2026-01-18T22:21:03+00:00","dateModified":"2026-02-16T13:49:07+00:00","description":"Explorez les services ORL propos\u00e9s par le Dr Julie Isquierdo \u00e0 Lille, interventions de rhinoplastie esth\u00e9tique et fonctionnelle.","breadcrumb":{"@id":"https:\/\/julie-isquierdo.com\/index.php\/activite-chirurgicale\/#breadcrumb"},"inLanguage":"en-US","potentialAction":[{"@type":"ReadAction","target":["https:\/\/julie-isquierdo.com\/index.php\/activite-chirurgicale\/"]}]},{"@type":"ImageObject","inLanguage":"en-US","@id":"https:\/\/julie-isquierdo.com\/index.php\/activite-chirurgicale\/#primaryimage","url":"http:\/\/julie-isquierdo.com\/wp-content\/uploads\/2026\/02\/Isquierdo-12-819x1024.png","contentUrl":"http:\/\/julie-isquierdo.com\/wp-content\/uploads\/2026\/02\/Isquierdo-12-819x1024.png"},{"@type":"BreadcrumbList","@id":"https:\/\/julie-isquierdo.com\/index.php\/activite-chirurgicale\/#breadcrumb","itemListElement":[{"@type":"ListItem","position":1,"name":"Home","item":"https:\/\/julie-isquierdo.com\/"},{"@type":"ListItem","position":2,"name":"Rhinoplastie chirurgicale"}]},{"@type":"WebSite","@id":"https:\/\/julie-isquierdo.com\/#website","url":"https:\/\/julie-isquierdo.com\/","name":"","description":"Sp\u00e9cialiste en rhinoplastie esth\u00e9tique et fonctionnelle","potentialAction":[{"@type":"SearchAction","target":{"@type":"EntryPoint","urlTemplate":"https:\/\/julie-isquierdo.com\/?s={search_term_string}"},"query-input":{"@type":"PropertyValueSpecification","valueRequired":true,"valueName":"search_term_string"}}],"inLanguage":"en-US"}]}},"_links":{"self":[{"href":"https:\/\/julie-isquierdo.com\/index.php\/wp-json\/wp\/v2\/pages\/336","targetHints":{"allow":["GET"]}}],"collection":[{"href":"https:\/\/julie-isquierdo.com\/index.php\/wp-json\/wp\/v2\/pages"}],"about":[{"href":"https:\/\/julie-isquierdo.com\/index.php\/wp-json\/wp\/v2\/types\/page"}],"author":[{"embeddable":true,"href":"https:\/\/julie-isquierdo.com\/index.php\/wp-json\/wp\/v2\/users\/1"}],"replies":[{"embeddable":true,"href":"https:\/\/julie-isquierdo.com\/index.php\/wp-json\/wp\/v2\/comments?post=336"}],"version-history":[{"count":38,"href":"https:\/\/julie-isquierdo.com\/index.php\/wp-json\/wp\/v2\/pages\/336\/revisions"}],"predecessor-version":[{"id":423,"href":"https:\/\/julie-isquierdo.com\/index.php\/wp-json\/wp\/v2\/pages\/336\/revisions\/423"}],"wp:attachment":[{"href":"https:\/\/julie-isquierdo.com\/index.php\/wp-json\/wp\/v2\/media?parent=336"}],"curies":[{"name":"wp","href":"https:\/\/api.w.org\/{rel}","templated":true}]}}